{"id":641,"date":"2026-03-11T14:54:44","date_gmt":"2026-03-11T12:54:44","guid":{"rendered":"https:\/\/lifeced.usv.ro\/?page_id=641"},"modified":"2026-03-31T13:23:21","modified_gmt":"2026-03-31T10:23:21","slug":"competente-digitale-si-potentialul-ai","status":"publish","type":"page","link":"https:\/\/lifeced.usv.ro\/uk\/competente-digitale-si-potentialul-ai\/","title":{"rendered":"Competen\u021be digitale \u0219i poten\u021bialul AI"},"content":{"rendered":"<!--themify_builder_content-->\n<div id=\"themify_builder_content-641\" data-postid=\"641\" class=\"themify_builder_content themify_builder_content-641 themify_builder tf_clear\">\n                    <div  data-lazy=\"1\" class=\"module_row themify_builder_row tb_8xug45 tb_first tf_w\">\n                        <div class=\"row_inner col_align_top tb_col_count_1 tf_box tf_rel\">\n                        <div  data-lazy=\"1\" class=\"module_column tb-column col-full tb_0eej46 first\">\n                            <div  data-lazy=\"1\" class=\"module_subrow themify_builder_sub_row tf_w col_align_top tb_col_count_2 tb_bzmx682\">\n                <div  data-lazy=\"1\" class=\"module_column sub_column col4-2 tb_uhbh684 first\">\n                    <!-- module image -->\n<div  class=\"module module-image tb_oi0p884 image-center rounded drop-shadow  tf_mw\" data-lazy=\"1\">\n        <div class=\"image-wrap tf_rel tf_mw\">\n            <img loading=\"lazy\" decoding=\"async\" src=\"https:\/\/lifeced.usv.ro\/wp-content\/uploads\/2026\/03\/competente-digitale-70x73.png\" width=\"70\" height=\"73\" class=\"wp-post-image wp-image-616\" title=\"2 octombrie \u2013 17 octombrie \" alt=\"2 octombrie \u2013 17 octombrie \" srcset=\"https:\/\/lifeced.usv.ro\/wp-content\/uploads\/2026\/03\/competente-digitale-70x73.png 70w, https:\/\/lifeced.usv.ro\/wp-content\/uploads\/2026\/03\/competente-digitale-12x12.png 12w, https:\/\/lifeced.usv.ro\/wp-content\/uploads\/2026\/03\/competente-digitale.png 281w\" sizes=\"auto, (max-width: 70px) 100vw, 70px\" \/>    \n        <\/div>\n    <!-- \/image-wrap -->\n    \n        <div class=\"image-content\">\n                    <h3 class=\"image-title\">\n                                    2 octombrie \u2013 17 octombrie                             <\/h3>\n                    <\/div>\n    <!-- \/image-content -->\n        <\/div>\n<!-- \/module image -->        <\/div>\n                    <div  data-lazy=\"1\" class=\"module_column sub_column col4-2 tb_ecky915 last\">\n                    <!-- module text -->\n<div  class=\"module module-text tb_har3480\" data-lazy=\"1\">\n        <div  class=\"tb_text_wrap\">\n        <p>Curs de formare<\/p>    <\/div>\n<\/div>\n<!-- \/module text --><!-- module icon -->\n<div  class=\"module module-icon tb_20jc47    icon_vertical\" data-lazy=\"1\">\n\t\t\t<div class=\"module-icon-item\">\n\t\t\t\t\t\t\t\t\t\t\t\t\t\t\t\t<em class=\"tf_box\"\n\t\t\t\t\t\t\t\t\t\t\t\t style=\"color:#00b3ff\"\t\t\t\t\t><svg  class=\"tf_fa tf-fas-check-double\" xmlns:xlink=\"http:\/\/www.w3.org\/1999\/xlink\" aria-hidden=\"true\"><use href=\"#tf-fas-check-double\" xlink:href=\"#tf-fas-check-double\"><\/use><\/svg><\/em>\n\t\t\t\t\t\t\t\t\t\t\t\t\t\t\t\t\t\t\t<span>Competen\u021be digitale \u0219i poten\u021bialul AI<\/span>\n\t\t\t\t\t\t\t\t\t\t\t\t\t\t\t<\/div>\n\t<\/div>\n<!-- \/module icon -->\n<!-- module text -->\n<div  class=\"module module-text tb_qaon673\" data-lazy=\"1\">\n        <div  class=\"tb_text_wrap\">\n        <ul>\n<li style=\"text-align: justify;\">Cursul \u00eensumeaz\u0103 un total de 60 de ore. Dintre acestea: 10 ore de teorie, 20 de ore de activit\u0103\u021bi practice \u0219i evaluare, 30 de ore de studiu individual.<\/li>\n<li style=\"text-align: justify;\">Grupul de cursan\u021bi va include un num\u0103r de 30 de persoane apar\u021bin\u00e2nd grupurilor \u021bint\u0103 selectate (15 din Rom\u00e2nia \u0219i 15 din Ucraina).<\/li>\n<\/ul>    <\/div>\n<\/div>\n<!-- \/module text --><!-- module icon -->\n<div  class=\"module module-icon tb_a9n6172    icon_vertical\" data-lazy=\"1\">\n\t\t\t<div class=\"module-icon-item\">\n\t\t\t\t\t\t\t\t\t\t\t\t\t\t\t\t<em class=\"tf_box\"\n\t\t\t\t\t\t\t\t\t\t\t\t style=\"color:#00b3ff\"\t\t\t\t\t><svg  class=\"tf_fa tf-far-calendar-alt\" xmlns:xlink=\"http:\/\/www.w3.org\/1999\/xlink\" aria-hidden=\"true\"><use href=\"#tf-far-calendar-alt\" xlink:href=\"#tf-far-calendar-alt\"><\/use><\/svg><\/em>\n\t\t\t\t\t\t\t\t\t\t\t\t\t\t\t\t\t\t\t<span>Perioada de  desf\u0103\u0219urare: 2 octombrie - 17 octombrie 2026<\/span>\n\t\t\t\t\t\t\t\t\t\t\t\t\t\t\t<\/div>\n\t<\/div>\n<!-- \/module icon -->\n<!-- module icon -->\n<div  class=\"module module-icon tb_8q3l736    icon_vertical\" data-lazy=\"1\">\n\t\t\t<div class=\"module-icon-item\">\n\t\t\t\t\t\t\t\t\t\t\t\t\t\t\t\t<em class=\"tf_box\"\n\t\t\t\t\t\t\t\t\t\t\t\t style=\"color:#00b3ff\"\t\t\t\t\t><svg  class=\"tf_fa tf-fas-clipboard-list\" xmlns:xlink=\"http:\/\/www.w3.org\/1999\/xlink\" aria-hidden=\"true\"><use href=\"#tf-fas-clipboard-list\" xlink:href=\"#tf-fas-clipboard-list\"><\/use><\/svg><\/em>\n\t\t\t\t\t\t\t\t\t\t\t\t\t\t\t\t\t\t\t<span>Teme abordate \u00een cadrul cursului:<\/span>\n\t\t\t\t\t\t\t\t\t\t\t\t\t\t\t<\/div>\n\t<\/div>\n<!-- \/module icon -->\n<!-- module text -->\n<div  class=\"module module-text tb_4k1o372\" data-lazy=\"1\">\n        <div  class=\"tb_text_wrap\">\n        <ul>\n<li style=\"text-align: left;\">What are digital skills and today\u2019s AI;<\/li>\n<li style=\"text-align: left;\">How AI influences our daily life;<\/li>\n<li style=\"text-align: left;\">Can we trust AI?<\/li>\n<li style=\"text-align: left;\">AI for inclusion and digital accessibility;<\/li>\n<li style=\"text-align: left;\">Ethical and responsible AI: what does the future look like?<\/li>\n<\/ul>    <\/div>\n<\/div>\n<!-- \/module text --><!-- module icon -->\n<div  class=\"module module-icon tb_84fz793    icon_vertical\" data-lazy=\"1\">\n\t\t\t<div class=\"module-icon-item\">\n\t\t\t\t\t\t\t\t\t\t\t\t\t\t\t\t<em class=\"tf_box\"\n\t\t\t\t\t\t\t\t\t\t\t\t style=\"color:#00b3ff\"\t\t\t\t\t><svg  class=\"tf_fa tf-fas-chart-pie\" xmlns:xlink=\"http:\/\/www.w3.org\/1999\/xlink\" aria-hidden=\"true\"><use href=\"#tf-fas-chart-pie\" xlink:href=\"#tf-fas-chart-pie\"><\/use><\/svg><\/em>\n\t\t\t\t\t\t\t\t\t\t\t\t\t\t\t\t\t\t\t<span>Laboratory\/practical activities:<\/span>\n\t\t\t\t\t\t\t\t\t\t\t\t\t\t\t<\/div>\n\t<\/div>\n<!-- \/module icon -->\n<!-- module text -->\n<div  class=\"module module-text tb_l1jq945\" data-lazy=\"1\">\n        <div  class=\"tb_text_wrap\">\n        <ul>\n<li style=\"text-align: left;\">Detecting AI around us (identifying personal AI applications);<\/li>\n<li style=\"text-align: left;\">Recommendations: how well do apps know us? (analysis of YouTube\/Spotify feeds);<\/li>\n<li style=\"text-align: left;\">Interactive experiments with explainable AI (Teachable Machine);<\/li>\n<li style=\"text-align: left;\">Creativity with AI: automatically generated images (DALL-E, Bing Image Creator);<\/li>\n<li style=\"text-align: left;\">AI for accessibility: subtitles and voice (testing automatic transcription);<\/li>\n<li style=\"text-align: left;\">Is AI fair? Bias and controversial decisions (role play: candidate selection);<\/li>\n<li style=\"text-align: left;\">How AI helps us in school and work (text summarization with ChatGPT\/Copilot);<\/li>\n<li style=\"text-align: left;\">AI in healthcare: practical applications (fitness &amp; health tracking);<\/li>\n<li style=\"text-align: left;\">AI in business: generating a simple plan (business plan with AI, critical analysis);<\/li>\n<li style=\"text-align: left;\">Final group project (critical analysis of an AI application, presentation).<\/li>\n<\/ul>    <\/div>\n<\/div>\n<!-- \/module text --><!-- module text -->\n<div  class=\"module module-text tb_aux7865\" data-lazy=\"1\">\n        <div  class=\"tb_text_wrap\">\n            <\/div>\n<\/div>\n<!-- \/module text -->        <\/div>\n                    <\/div>\n                <\/div>\n                        <\/div>\n        <\/div>\n                        <div  data-lazy=\"1\" class=\"module_row themify_builder_row tb_8q0d852 tf_w\">\n                        <div class=\"row_inner col_align_top tb_col_count_1 tf_box tf_rel\">\n                        <div  data-lazy=\"1\" class=\"module_column tb-column col-full tb_nuld852 first\">\n                            <div  data-lazy=\"1\" class=\"module_subrow themify_builder_sub_row tf_w col_align_top tb_col_count_1 tb_cahd852\">\n                <div  data-lazy=\"1\" class=\"module_column sub_column col-full tb_xfjo852 first\">\n                    <!-- module text -->\n<div  class=\"module module-text tb_gwnf852\" data-lazy=\"1\">\n        <div  class=\"tb_text_wrap\">\n        <p><strong>Termen limit\u0103 de \u00eenscrieri \u2013 5 aprilie 2026<\/strong><\/p>\n<p>Se poate completa o singur\u0103 cerere de \u00eenscriere pentru toate cursurile de formare, \u00eenso\u021bite de o singur\u0103 scrisoare de inten\u021bie care s\u0103 cuprind\u0103 toate op\u021biunile \u00een ordinea priorit\u0103\u021bilor \u0219i s\u0103 fie indicate de ce fiecare op\u021biune este important\u0103 pentru formarea profesioanl\u0103.<\/p>    <\/div>\n<\/div>\n<!-- \/module text --><!-- module text -->\n<div  class=\"module module-text tb_p8pj852\" data-lazy=\"1\">\n        <div  class=\"tb_text_wrap\">\n        <p><strong>Criteriu de selec\u021bie:<\/strong><\/p>\n<ul>\n<li>Cunoa\u0219terea limbii engleze la un nivel minim echivalent B1 \u2013 Intermediate English\u00a0<\/li>\n<\/ul>\n<p><strong>Rezultatul accept\u0103rii \u00eenscrierii va fi comunicat p\u00e2n\u0103 pe data de 17 aprilie 2026<\/strong><\/p>    <\/div>\n<\/div>\n<!-- \/module text -->        <\/div>\n                    <\/div>\n                <\/div>\n                        <\/div>\n        <\/div>\n        <\/div>\n<!--\/themify_builder_content-->","protected":false},"excerpt":{"rendered":"<p>Curs de formare<\/p>","protected":false},"author":1,"featured_media":0,"parent":0,"menu_order":0,"comment_status":"closed","ping_status":"closed","template":"","meta":{"footnotes":""},"class_list":["post-641","page","type-page","status-publish","hentry","has-post-title","has-post-date","has-post-category","has-post-tag","has-post-comment","has-post-author",""],"builder_content":"<img src=\"https:\/\/lifeced.usv.ro\/wp-content\/uploads\/2026\/03\/competente-digitale-70x73.png\" width=\"70\" height=\"73\" title=\"2 octombrie \u2013 17 octombrie \" alt=\"2 octombrie \u2013 17 octombrie \" srcset=\"https:\/\/lifeced.usv.ro\/wp-content\/uploads\/2026\/03\/competente-digitale-70x73.png 70w, https:\/\/lifeced.usv.ro\/wp-content\/uploads\/2026\/03\/competente-digitale-12x12.png 12w, https:\/\/lifeced.usv.ro\/wp-content\/uploads\/2026\/03\/competente-digitale.png 281w\" sizes=\"(max-width: 70px) 100vw, 70px\" \/> <h3> 2 octombrie \u2013 17 octombrie <\/h3>\n<p>Curs de formare<\/p>\n<em style=\"color:#00b3ff\" ><svg xmlns:xlink=\"http:\/\/www.w3.org\/1999\/xlink\" aria-hidden=\"true\"><use href=\"#tf-fas-check-double\" xlink:href=\"#tf-fas-check-double\"><\/use><\/svg><\/em> Competen\u021be digitale \u0219i poten\u021bialul AI\n<ul> <li style=\"text-align: justify;\">Cursul \u00eensumeaz\u0103 un total de 60 de ore. Dintre acestea: 10 ore de teorie, 20 de ore de activit\u0103\u021bi practice \u0219i evaluare, 30 de ore de studiu individual.<\/li> <li style=\"text-align: justify;\">Grupul de cursan\u021bi va include un num\u0103r de 30 de persoane apar\u021bin\u00e2nd grupurilor \u021bint\u0103 selectate (15 din Rom\u00e2nia \u0219i 15 din Ucraina).<\/li> <\/ul>\n<em style=\"color:#00b3ff\" ><svg xmlns:xlink=\"http:\/\/www.w3.org\/1999\/xlink\" aria-hidden=\"true\"><use href=\"#tf-far-calendar-alt\" xlink:href=\"#tf-far-calendar-alt\"><\/use><\/svg><\/em> Perioada de desf\u0103\u0219urare: 2 octombrie - 17 octombrie 2026\n<em style=\"color:#00b3ff\" ><svg xmlns:xlink=\"http:\/\/www.w3.org\/1999\/xlink\" aria-hidden=\"true\"><use href=\"#tf-fas-clipboard-list\" xlink:href=\"#tf-fas-clipboard-list\"><\/use><\/svg><\/em> Teme abordate \u00een cadrul cursului:\n<ul> <li style=\"text-align: left;\">What are digital skills and today\u2019s AI;<\/li> <li style=\"text-align: left;\">How AI influences our daily life;<\/li> <li style=\"text-align: left;\">Can we trust AI?<\/li> <li style=\"text-align: left;\">AI for inclusion and digital accessibility;<\/li> <li style=\"text-align: left;\">Ethical and responsible AI: what does the future look like?<\/li> <\/ul>\n<em style=\"color:#00b3ff\" ><svg xmlns:xlink=\"http:\/\/www.w3.org\/1999\/xlink\" aria-hidden=\"true\"><use href=\"#tf-fas-chart-pie\" xlink:href=\"#tf-fas-chart-pie\"><\/use><\/svg><\/em> Laboratory\/practical activities:\n<ul> <li style=\"text-align: left;\">Detecting AI around us (identifying personal AI applications);<\/li> <li style=\"text-align: left;\">Recommendations: how well do apps know us? (analysis of YouTube\/Spotify feeds);<\/li> <li style=\"text-align: left;\">Interactive experiments with explainable AI (Teachable Machine);<\/li> <li style=\"text-align: left;\">Creativity with AI: automatically generated images (DALL-E, Bing Image Creator);<\/li> <li style=\"text-align: left;\">AI for accessibility: subtitles and voice (testing automatic transcription);<\/li> <li style=\"text-align: left;\">Is AI fair? Bias and controversial decisions (role play: candidate selection);<\/li> <li style=\"text-align: left;\">How AI helps us in school and work (text summarization with ChatGPT\/Copilot);<\/li> <li style=\"text-align: left;\">AI in healthcare: practical applications (fitness &amp; health tracking);<\/li> <li style=\"text-align: left;\">AI in business: generating a simple plan (business plan with AI, critical analysis);<\/li> <li style=\"text-align: left;\">Final group project (critical analysis of an AI application, presentation).<\/li> <\/ul>\n\n<p><strong>Termen limit\u0103 de \u00eenscrieri \u2013 5 aprilie 2026<\/strong><\/p> <p>Se poate completa o singur\u0103 cerere de \u00eenscriere pentru toate cursurile de formare, \u00eenso\u021bite de o singur\u0103 scrisoare de inten\u021bie care s\u0103 cuprind\u0103 toate op\u021biunile \u00een ordinea priorit\u0103\u021bilor \u0219i s\u0103 fie indicate de ce fiecare op\u021biune este important\u0103 pentru formarea profesioanl\u0103.<\/p>\n<p><strong>Criteriu de selec\u021bie:<\/strong><\/p> <ul> <li>Cunoa\u0219terea limbii engleze la un nivel minim echivalent B1 \u2013 Intermediate English\u00a0<\/li> <\/ul> <p><strong>Rezultatul accept\u0103rii \u00eenscrierii va fi comunicat p\u00e2n\u0103 pe data de 17 aprilie 2026<\/strong><\/p>","_links":{"self":[{"href":"https:\/\/lifeced.usv.ro\/uk\/wp-json\/wp\/v2\/pages\/641","targetHints":{"allow":["GET"]}}],"collection":[{"href":"https:\/\/lifeced.usv.ro\/uk\/wp-json\/wp\/v2\/pages"}],"about":[{"href":"https:\/\/lifeced.usv.ro\/uk\/wp-json\/wp\/v2\/types\/page"}],"author":[{"embeddable":true,"href":"https:\/\/lifeced.usv.ro\/uk\/wp-json\/wp\/v2\/users\/1"}],"replies":[{"embeddable":true,"href":"https:\/\/lifeced.usv.ro\/uk\/wp-json\/wp\/v2\/comments?post=641"}],"version-history":[{"count":25,"href":"https:\/\/lifeced.usv.ro\/uk\/wp-json\/wp\/v2\/pages\/641\/revisions"}],"predecessor-version":[{"id":836,"href":"https:\/\/lifeced.usv.ro\/uk\/wp-json\/wp\/v2\/pages\/641\/revisions\/836"}],"wp:attachment":[{"href":"https:\/\/lifeced.usv.ro\/uk\/wp-json\/wp\/v2\/media?parent=641"}],"curies":[{"name":"wp","href":"https:\/\/api.w.org\/{rel}","templated":true}]}}