{"id":590,"date":"2026-03-11T13:39:48","date_gmt":"2026-03-11T11:39:48","guid":{"rendered":"https:\/\/lifeced.usv.ro\/?page_id=590"},"modified":"2026-03-31T13:20:55","modified_gmt":"2026-03-31T10:20:55","slug":"managementul-proiectelor","status":"publish","type":"page","link":"https:\/\/lifeced.usv.ro\/uk\/managementul-proiectelor\/","title":{"rendered":"Managementul proiectelor"},"content":{"rendered":"<!--themify_builder_content-->\n<div id=\"themify_builder_content-590\" data-postid=\"590\" class=\"themify_builder_content themify_builder_content-590 themify_builder tf_clear\">\n                    <div  data-lazy=\"1\" class=\"module_row themify_builder_row tb_8xug45 tb_first tf_w\">\n                        <div class=\"row_inner col_align_top tb_col_count_1 tf_box tf_rel\">\n                        <div  data-lazy=\"1\" class=\"module_column tb-column col-full tb_0eej46 first\">\n                            <div  data-lazy=\"1\" class=\"module_subrow themify_builder_sub_row tf_w col_align_top tb_col_count_2 tb_bzmx682\">\n                <div  data-lazy=\"1\" class=\"module_column sub_column col4-2 tb_uhbh684 first\">\n                    <!-- module image -->\n<div  class=\"module module-image tb_oi0p884 image-center rounded drop-shadow  tf_mw\" data-lazy=\"1\">\n        <div class=\"image-wrap tf_rel tf_mw\">\n            <img loading=\"lazy\" decoding=\"async\" src=\"https:\/\/lifeced.usv.ro\/wp-content\/uploads\/2026\/03\/Managementul-proiectelor-icon-65x65.png\" width=\"65\" height=\"65\" class=\"wp-post-image wp-image-597\" title=\"24 aprilie \u2013 16 mai \" alt=\"24 aprilie \u2013 16 mai \" srcset=\"https:\/\/lifeced.usv.ro\/wp-content\/uploads\/2026\/03\/Managementul-proiectelor-icon-65x65.png 65w, https:\/\/lifeced.usv.ro\/wp-content\/uploads\/2026\/03\/Managementul-proiectelor-icon-150x150.png 150w, https:\/\/lifeced.usv.ro\/wp-content\/uploads\/2026\/03\/Managementul-proiectelor-icon-12x12.png 12w, https:\/\/lifeced.usv.ro\/wp-content\/uploads\/2026\/03\/Managementul-proiectelor-icon-70x70.png 70w, https:\/\/lifeced.usv.ro\/wp-content\/uploads\/2026\/03\/Managementul-proiectelor-icon-50x50.png 50w, https:\/\/lifeced.usv.ro\/wp-content\/uploads\/2026\/03\/Managementul-proiectelor-icon.png 491w\" sizes=\"auto, (max-width: 65px) 100vw, 65px\" \/>    \n        <\/div>\n    <!-- \/image-wrap -->\n    \n        <div class=\"image-content\">\n                    <h3 class=\"image-title\">\n                                    24 aprilie \u2013 16 mai                             <\/h3>\n                    <\/div>\n    <!-- \/image-content -->\n        <\/div>\n<!-- \/module image -->        <\/div>\n                    <div  data-lazy=\"1\" class=\"module_column sub_column col4-2 tb_ecky915 last\">\n                    <!-- module text -->\n<div  class=\"module module-text tb_har3480\" data-lazy=\"1\">\n        <div  class=\"tb_text_wrap\">\n        <p>Curs de formare<\/p>    <\/div>\n<\/div>\n<!-- \/module text --><!-- module icon -->\n<div  class=\"module module-icon tb_20jc47    icon_vertical\" data-lazy=\"1\">\n\t\t\t<div class=\"module-icon-item\">\n\t\t\t\t\t\t\t\t\t\t\t\t\t\t\t\t<em class=\"tf_box\"\n\t\t\t\t\t\t\t\t\t\t\t\t style=\"color:#00b3ff\"\t\t\t\t\t><svg  class=\"tf_fa tf-fas-check-double\" xmlns:xlink=\"http:\/\/www.w3.org\/1999\/xlink\" aria-hidden=\"true\"><use href=\"#tf-fas-check-double\" xlink:href=\"#tf-fas-check-double\"><\/use><\/svg><\/em>\n\t\t\t\t\t\t\t\t\t\t\t\t\t\t\t\t\t\t\t<span>Managementul proiectelor<\/span>\n\t\t\t\t\t\t\t\t\t\t\t\t\t\t\t<\/div>\n\t<\/div>\n<!-- \/module icon -->\n<!-- module text -->\n<div  class=\"module module-text tb_qaon673\" data-lazy=\"1\">\n        <div  class=\"tb_text_wrap\">\n        <ul>\n<li style=\"text-align: justify;\"><span lang=\"ES\">Un total de 60 de ore. Dintre acestea: 10 ore de teorie, 20 de ore de activit\u0103\u021bi practice \u0219i evaluare, 30 de ore de studiu individual.<\/span><\/li>\n<li style=\"text-align: justify;\"><span lang=\"ES\">Un num\u0103r total de 30 de persoane apar\u021bin\u00e2nd grupurilor \u021bint\u0103 selectate (15 din Rom\u00e2nia \u0219i 15 din Ucraina).<\/span><\/li>\n<\/ul>    <\/div>\n<\/div>\n<!-- \/module text --><!-- module icon -->\n<div  class=\"module module-icon tb_a9n6172    icon_vertical\" data-lazy=\"1\">\n\t\t\t<div class=\"module-icon-item\">\n\t\t\t\t\t\t\t\t\t\t\t\t\t\t\t\t<em class=\"tf_box\"\n\t\t\t\t\t\t\t\t\t\t\t\t style=\"color:#00b3ff\"\t\t\t\t\t><svg  class=\"tf_fa tf-far-calendar-alt\" xmlns:xlink=\"http:\/\/www.w3.org\/1999\/xlink\" aria-hidden=\"true\"><use href=\"#tf-far-calendar-alt\" xlink:href=\"#tf-far-calendar-alt\"><\/use><\/svg><\/em>\n\t\t\t\t\t\t\t\t\t\t\t\t\t\t\t\t\t\t\t<span>Perioada de  desf\u0103\u0219urare: 24 aprilie - 16 mai 2026<\/span>\n\t\t\t\t\t\t\t\t\t\t\t\t\t\t\t<\/div>\n\t<\/div>\n<!-- \/module icon -->\n<!-- module icon -->\n<div  class=\"module module-icon tb_8sfb722    icon_vertical\" data-lazy=\"1\">\n\t\t\t<div class=\"module-icon-item\">\n\t\t\t\t\t\t\t\t\t\t\t\t\t\t\t\t<em class=\"tf_box\"\n\t\t\t\t\t\t\t\t\t\t\t\t style=\"color:#00b3ff\"\t\t\t\t\t><svg  class=\"tf_fa tf-fas-clipboard-list\" xmlns:xlink=\"http:\/\/www.w3.org\/1999\/xlink\" aria-hidden=\"true\"><use href=\"#tf-fas-clipboard-list\" xlink:href=\"#tf-fas-clipboard-list\"><\/use><\/svg><\/em>\n\t\t\t\t\t\t\t\t\t\t\t\t\t\t\t\t\t\t\t<span>Teme abordate \u00een cadrul cursului:<\/span>\n\t\t\t\t\t\t\t\t\t\t\t\t\t\t\t<\/div>\n\t<\/div>\n<!-- \/module icon -->\n<!-- module text -->\n<div  class=\"module module-text tb_vutj284\" data-lazy=\"1\">\n        <div  class=\"tb_text_wrap\">\n        <ul>\n<li style=\"text-align: left;\">Project cycle management principles;<\/li>\n<li style=\"text-align: left;\">SWOT Analysis;<\/li>\n<li style=\"text-align: left;\">Stakeholders\u2019 analysis (partners, associates, target group etc.);<\/li>\n<li style=\"text-align: left;\">Needs\/problem tree;<\/li>\n<li style=\"text-align: left;\">Objectives tree;<\/li>\n<li style=\"text-align: left;\">SMART objectives;<\/li>\n<li style=\"text-align: left;\">Project logic;<\/li>\n<li style=\"text-align: left;\">Results, indicators, activities;<\/li>\n<li style=\"text-align: left;\">Gantt chart;<\/li>\n<li style=\"text-align: left;\">Human resources management aspects;<\/li>\n<li style=\"text-align: left;\">Budget and financial management aspects;<\/li>\n<li style=\"text-align: left;\">Procurement aspects;<\/li>\n<li style=\"text-align: left;\">Reporting aspects;<\/li>\n<li style=\"text-align: left;\">Usage of different tools \u2013 Microsoft Project<\/li>\n<\/ul>    <\/div>\n<\/div>\n<!-- \/module text --><!-- module text -->\n<div  class=\"module module-text tb_n5b4272\" data-lazy=\"1\">\n        <div  class=\"tb_text_wrap\">\n            <\/div>\n<\/div>\n<!-- \/module text -->        <\/div>\n                    <\/div>\n                <\/div>\n                        <\/div>\n        <\/div>\n                        <div  data-lazy=\"1\" class=\"module_row themify_builder_row tb_wsn7719 tf_w\">\n                        <div class=\"row_inner col_align_top tb_col_count_1 tf_box tf_rel\">\n                        <div  data-lazy=\"1\" class=\"module_column tb-column col-full tb_g0dv719 first\">\n                            <div  data-lazy=\"1\" class=\"module_subrow themify_builder_sub_row tf_w col_align_top tb_col_count_1 tb_hofw719\">\n                <div  data-lazy=\"1\" class=\"module_column sub_column col-full tb_1ccp719 first\">\n                    <!-- module text -->\n<div  class=\"module module-text tb_dj79719\" data-lazy=\"1\">\n        <div  class=\"tb_text_wrap\">\n        <p><strong>Termen limit\u0103 de \u00eenscrieri \u2013 5 aprilie 2026<\/strong><\/p>\n<p>Se poate completa o singur\u0103 cerere de \u00eenscriere pentru toate cursurile de formare, \u00eenso\u021bite de o singur\u0103 scrisoare de inten\u021bie care s\u0103 cuprind\u0103 toate op\u021biunile \u00een ordinea priorit\u0103\u021bilor \u0219i s\u0103 fie indicate de ce fiecare op\u021biune este important\u0103 pentru formarea profesioanl\u0103.<\/p>    <\/div>\n<\/div>\n<!-- \/module text --><!-- module text -->\n<div  class=\"module module-text tb_ipsr719\" data-lazy=\"1\">\n        <div  class=\"tb_text_wrap\">\n        <p><strong>Criteriu de selec\u021bie:<\/strong><\/p>\n<ul>\n<li>Cunoa\u0219terea limbii engleze la un nivel minim echivalent B1 \u2013 Intermediate English\u00a0<\/li>\n<\/ul>\n<p><strong>Rezultatul accept\u0103rii \u00eenscrierii va fi comunicat p\u00e2n\u0103 pe data de 17 aprilie 2026<\/strong><\/p>    <\/div>\n<\/div>\n<!-- \/module text -->        <\/div>\n                    <\/div>\n                <\/div>\n                        <\/div>\n        <\/div>\n        <\/div>\n<!--\/themify_builder_content-->","protected":false},"excerpt":{"rendered":"<p>Curs de formare<\/p>","protected":false},"author":1,"featured_media":0,"parent":0,"menu_order":0,"comment_status":"closed","ping_status":"closed","template":"","meta":{"footnotes":""},"class_list":["post-590","page","type-page","status-publish","hentry","has-post-title","has-post-date","has-post-category","has-post-tag","has-post-comment","has-post-author",""],"builder_content":"<img src=\"https:\/\/lifeced.usv.ro\/wp-content\/uploads\/2026\/03\/Managementul-proiectelor-icon-65x65.png\" width=\"65\" height=\"65\" title=\"24 aprilie \u2013 16 mai \" alt=\"24 aprilie \u2013 16 mai \" srcset=\"https:\/\/lifeced.usv.ro\/wp-content\/uploads\/2026\/03\/Managementul-proiectelor-icon-65x65.png 65w, https:\/\/lifeced.usv.ro\/wp-content\/uploads\/2026\/03\/Managementul-proiectelor-icon-150x150.png 150w, https:\/\/lifeced.usv.ro\/wp-content\/uploads\/2026\/03\/Managementul-proiectelor-icon-12x12.png 12w, https:\/\/lifeced.usv.ro\/wp-content\/uploads\/2026\/03\/Managementul-proiectelor-icon-70x70.png 70w, https:\/\/lifeced.usv.ro\/wp-content\/uploads\/2026\/03\/Managementul-proiectelor-icon-50x50.png 50w, https:\/\/lifeced.usv.ro\/wp-content\/uploads\/2026\/03\/Managementul-proiectelor-icon.png 491w\" sizes=\"(max-width: 65px) 100vw, 65px\" \/> <h3> 24 aprilie \u2013 16 mai <\/h3>\n<p>Curs de formare<\/p>\n<em style=\"color:#00b3ff\" ><svg xmlns:xlink=\"http:\/\/www.w3.org\/1999\/xlink\" aria-hidden=\"true\"><use href=\"#tf-fas-check-double\" xlink:href=\"#tf-fas-check-double\"><\/use><\/svg><\/em> Managementul proiectelor\n<ul> <li style=\"text-align: justify;\">Un total de 60 de ore. Dintre acestea: 10 ore de teorie, 20 de ore de activit\u0103\u021bi practice \u0219i evaluare, 30 de ore de studiu individual.<\/li> <li style=\"text-align: justify;\">Un num\u0103r total de 30 de persoane apar\u021bin\u00e2nd grupurilor \u021bint\u0103 selectate (15 din Rom\u00e2nia \u0219i 15 din Ucraina).<\/li> <\/ul>\n<em style=\"color:#00b3ff\" ><svg xmlns:xlink=\"http:\/\/www.w3.org\/1999\/xlink\" aria-hidden=\"true\"><use href=\"#tf-far-calendar-alt\" xlink:href=\"#tf-far-calendar-alt\"><\/use><\/svg><\/em> Perioada de desf\u0103\u0219urare: 24 aprilie - 16 mai 2026\n<em style=\"color:#00b3ff\" ><svg xmlns:xlink=\"http:\/\/www.w3.org\/1999\/xlink\" aria-hidden=\"true\"><use href=\"#tf-fas-clipboard-list\" xlink:href=\"#tf-fas-clipboard-list\"><\/use><\/svg><\/em> Teme abordate \u00een cadrul cursului:\n<ul> <li style=\"text-align: left;\">Project cycle management principles;<\/li> <li style=\"text-align: left;\">SWOT Analysis;<\/li> <li style=\"text-align: left;\">Stakeholders\u2019 analysis (partners, associates, target group etc.);<\/li> <li style=\"text-align: left;\">Needs\/problem tree;<\/li> <li style=\"text-align: left;\">Objectives tree;<\/li> <li style=\"text-align: left;\">SMART objectives;<\/li> <li style=\"text-align: left;\">Project logic;<\/li> <li style=\"text-align: left;\">Results, indicators, activities;<\/li> <li style=\"text-align: left;\">Gantt chart;<\/li> <li style=\"text-align: left;\">Human resources management aspects;<\/li> <li style=\"text-align: left;\">Budget and financial management aspects;<\/li> <li style=\"text-align: left;\">Procurement aspects;<\/li> <li style=\"text-align: left;\">Reporting aspects;<\/li> <li style=\"text-align: left;\">Usage of different tools \u2013 Microsoft Project<\/li> <\/ul>\n\n<p><strong>Termen limit\u0103 de \u00eenscrieri \u2013 5 aprilie 2026<\/strong><\/p> <p>Se poate completa o singur\u0103 cerere de \u00eenscriere pentru toate cursurile de formare, \u00eenso\u021bite de o singur\u0103 scrisoare de inten\u021bie care s\u0103 cuprind\u0103 toate op\u021biunile \u00een ordinea priorit\u0103\u021bilor \u0219i s\u0103 fie indicate de ce fiecare op\u021biune este important\u0103 pentru formarea profesioanl\u0103.<\/p>\n<p><strong>Criteriu de selec\u021bie:<\/strong><\/p> <ul> <li>Cunoa\u0219terea limbii engleze la un nivel minim echivalent B1 \u2013 Intermediate English\u00a0<\/li> <\/ul> <p><strong>Rezultatul accept\u0103rii \u00eenscrierii va fi comunicat p\u00e2n\u0103 pe data de 17 aprilie 2026<\/strong><\/p>","_links":{"self":[{"href":"https:\/\/lifeced.usv.ro\/uk\/wp-json\/wp\/v2\/pages\/590","targetHints":{"allow":["GET"]}}],"collection":[{"href":"https:\/\/lifeced.usv.ro\/uk\/wp-json\/wp\/v2\/pages"}],"about":[{"href":"https:\/\/lifeced.usv.ro\/uk\/wp-json\/wp\/v2\/types\/page"}],"author":[{"embeddable":true,"href":"https:\/\/lifeced.usv.ro\/uk\/wp-json\/wp\/v2\/users\/1"}],"replies":[{"embeddable":true,"href":"https:\/\/lifeced.usv.ro\/uk\/wp-json\/wp\/v2\/comments?post=590"}],"version-history":[{"count":36,"href":"https:\/\/lifeced.usv.ro\/uk\/wp-json\/wp\/v2\/pages\/590\/revisions"}],"predecessor-version":[{"id":827,"href":"https:\/\/lifeced.usv.ro\/uk\/wp-json\/wp\/v2\/pages\/590\/revisions\/827"}],"wp:attachment":[{"href":"https:\/\/lifeced.usv.ro\/uk\/wp-json\/wp\/v2\/media?parent=590"}],"curies":[{"name":"wp","href":"https:\/\/api.w.org\/{rel}","templated":true}]}}