{"id":429,"date":"2025-12-22T11:13:06","date_gmt":"2025-12-22T09:13:06","guid":{"rendered":"https:\/\/lifeced.usv.ro\/?page_id=429"},"modified":"2025-12-22T12:07:33","modified_gmt":"2025-12-22T10:07:33","slug":"obiective","status":"publish","type":"page","link":"https:\/\/lifeced.usv.ro\/ro_ro\/obiective\/","title":{"rendered":"Obiective"},"content":{"rendered":"<!--themify_builder_content-->\n<div id=\"themify_builder_content-429\" data-postid=\"429\" class=\"themify_builder_content themify_builder_content-429 themify_builder tf_clear\">\n                    <div  data-lazy=\"1\" class=\"module_row themify_builder_row tb_pvxq299 tb_first tf_w\">\n                        <div class=\"row_inner col_align_top tb_col_count_1 tf_box tf_rel\">\n                        <div  data-lazy=\"1\" class=\"module_column tb-column col-full tb_6ur0301 first\">\n                    <!-- module text -->\n<div  class=\"module module-text tb_qaon673   \" data-lazy=\"1\">\n        <div  class=\"tb_text_wrap\">\n            <\/div>\n<\/div>\n<!-- \/module text --><!-- module text -->\n<div  class=\"module module-text tb_fwjr506   \" data-lazy=\"1\">\n        <div  class=\"tb_text_wrap\">\n        <h3>Obiective<\/h3>    <\/div>\n<\/div>\n<!-- \/module text --><!-- module icon -->\n<div  class=\"module module-icon tb_20jc47    icon_vertical \" data-lazy=\"1\">\n\t\t\t<div class=\"module-icon-item\">\n\t\t\t\t\t\t\t\t\t\t\t\t\t\t\t\t<em class=\"tf_box\"\n\t\t\t\t\t\t\t\t\t\t\t\t style=\"color:#151fad\"\t\t\t\t\t><svg  class=\"tf_fa tf-fas-check\" xmlns:xlink=\"http:\/\/www.w3.org\/1999\/xlink\" aria-hidden=\"true\"><use href=\"#tf-fas-check\" xlink:href=\"#tf-fas-check\"><\/use><\/svg><\/em>\n\t\t\t\t\t\t\t\t\t\t\t\t\t\t\t\t\t\t\t<span>S\u0103 sprijinim persoanele din regiunea de frontier\u0103 Rom\u00e2nia-Ucraina s\u0103 fac\u0103 fa\u021b\u0103 schimb\u0103rilor tehnologice \u0219i structurale rapide care au loc \u00een cadrul locurilor lor de munc\u0103, fie c\u0103 este vorba de administra\u021bia public\u0103 sau de pia\u021ba muncii \u00een general. Scopul este de a ne asigura c\u0103 stagiarii no\u0219tri r\u0103m\u00e2n relevan\u021bi \u0219i competen\u021bi \u00een carierele lor.<\/span>\n\t\t\t\t\t\t\t\t\t\t\t\t\t\t\t<\/div>\n\t\t\t<div class=\"module-icon-item\">\n\t\t\t\t\t\t\t\t\t\t\t\t\t\t\t\t<em class=\"tf_box\"\n\t\t\t\t\t\t\t\t\t\t\t\t style=\"color:#151fad\"\t\t\t\t\t><svg  class=\"tf_fa tf-fas-check\" xmlns:xlink=\"http:\/\/www.w3.org\/1999\/xlink\" aria-hidden=\"true\"><use href=\"#tf-fas-check\" xlink:href=\"#tf-fas-check\"><\/use><\/svg><\/em>\n\t\t\t\t\t\t\t\t\t\t\t\t\t\t\t\t\t\t\t<span>\u00cembun\u0103t\u0103\u021birea abilit\u0103\u021bilor, \u00een special tehnicile de g\u00e2ndire critic\u0103, pentru cei afla\u021bi \u00een func\u021bii de management de nivel mediu \u0219i \u00eenalt care iau decizii.<\/span>\n\t\t\t\t\t\t\t\t\t\t\t\t\t\t\t<\/div>\n\t\t\t<div class=\"module-icon-item\">\n\t\t\t\t\t\t\t\t\t\t\t\t\t\t\t\t<em class=\"tf_box\"\n\t\t\t\t\t\t\t\t\t\t\t\t style=\"color:#151fad\"\t\t\t\t\t><svg  class=\"tf_fa tf-fas-check\" xmlns:xlink=\"http:\/\/www.w3.org\/1999\/xlink\" aria-hidden=\"true\"><use href=\"#tf-fas-check\" xlink:href=\"#tf-fas-check\"><\/use><\/svg><\/em>\n\t\t\t\t\t\t\t\t\t\t\t\t\t\t\t\t\t\t\t<span>Dob\u00e2ndirea sau \u00eembun\u0103t\u0103\u021birea abilit\u0103\u021bilor relevante, cum ar fi managementul de proiect \u0219i competen\u021bele lingvistice.<\/span>\n\t\t\t\t\t\t\t\t\t\t\t\t\t\t\t<\/div>\n\t\t\t<div class=\"module-icon-item\">\n\t\t\t\t\t\t\t\t\t\t\t\t\t\t\t\t<em class=\"tf_box\"\n\t\t\t\t\t\t\t\t\t\t\t\t style=\"color:#151fad\"\t\t\t\t\t><svg  class=\"tf_fa tf-fas-check\" xmlns:xlink=\"http:\/\/www.w3.org\/1999\/xlink\" aria-hidden=\"true\"><use href=\"#tf-fas-check\" xlink:href=\"#tf-fas-check\"><\/use><\/svg><\/em>\n\t\t\t\t\t\t\t\t\t\t\t\t\t\t\t\t\t\t\t<span>Oferirea accesului la educa\u021bie continu\u0103 \u0219i la patrimoniul cultural persoanelor cu dizabilit\u0103\u021bi sau celor din grupuri defavorizate.<\/span>\n\t\t\t\t\t\t\t\t\t\t\t\t\t\t\t<\/div>\n\t<\/div>\n<!-- \/module icon -->\n        <\/div>\n                        <\/div>\n        <\/div>\n        <\/div>\n<!--\/themify_builder_content-->","protected":false},"excerpt":{"rendered":"<p>Obiective<\/p>\n","protected":false},"author":1,"featured_media":0,"parent":0,"menu_order":0,"comment_status":"closed","ping_status":"closed","template":"","meta":{"footnotes":""},"class_list":["post-429","page","type-page","status-publish","hentry","has-post-title","has-post-date","has-post-category","has-post-tag","has-post-comment","has-post-author",""],"builder_content":"\n<h3>Obiective<\/h3>\n<em style=\"color:#151fad\" ><svg xmlns:xlink=\"http:\/\/www.w3.org\/1999\/xlink\" aria-hidden=\"true\"><use href=\"#tf-fas-check\" xlink:href=\"#tf-fas-check\"><\/use><\/svg><\/em> S\u0103 sprijinim persoanele din regiunea de frontier\u0103 Rom\u00e2nia-Ucraina s\u0103 fac\u0103 fa\u021b\u0103 schimb\u0103rilor tehnologice \u0219i structurale rapide care au loc \u00een cadrul locurilor lor de munc\u0103, fie c\u0103 este vorba de administra\u021bia public\u0103 sau de pia\u021ba muncii \u00een general. Scopul este de a ne asigura c\u0103 stagiarii no\u0219tri r\u0103m\u00e2n relevan\u021bi \u0219i competen\u021bi \u00een carierele lor. <em style=\"color:#151fad\" ><svg xmlns:xlink=\"http:\/\/www.w3.org\/1999\/xlink\" aria-hidden=\"true\"><use href=\"#tf-fas-check\" xlink:href=\"#tf-fas-check\"><\/use><\/svg><\/em> \u00cembun\u0103t\u0103\u021birea abilit\u0103\u021bilor, \u00een special tehnicile de g\u00e2ndire critic\u0103, pentru cei afla\u021bi \u00een func\u021bii de management de nivel mediu \u0219i \u00eenalt care iau decizii. <em style=\"color:#151fad\" ><svg xmlns:xlink=\"http:\/\/www.w3.org\/1999\/xlink\" aria-hidden=\"true\"><use href=\"#tf-fas-check\" xlink:href=\"#tf-fas-check\"><\/use><\/svg><\/em> Dob\u00e2ndirea sau \u00eembun\u0103t\u0103\u021birea abilit\u0103\u021bilor relevante, cum ar fi managementul de proiect \u0219i competen\u021bele lingvistice. <em style=\"color:#151fad\" ><svg xmlns:xlink=\"http:\/\/www.w3.org\/1999\/xlink\" aria-hidden=\"true\"><use href=\"#tf-fas-check\" xlink:href=\"#tf-fas-check\"><\/use><\/svg><\/em> Oferirea accesului la educa\u021bie continu\u0103 \u0219i la patrimoniul cultural persoanelor cu dizabilit\u0103\u021bi sau celor din grupuri defavorizate.","_links":{"self":[{"href":"https:\/\/lifeced.usv.ro\/ro_ro\/wp-json\/wp\/v2\/pages\/429","targetHints":{"allow":["GET"]}}],"collection":[{"href":"https:\/\/lifeced.usv.ro\/ro_ro\/wp-json\/wp\/v2\/pages"}],"about":[{"href":"https:\/\/lifeced.usv.ro\/ro_ro\/wp-json\/wp\/v2\/types\/page"}],"author":[{"embeddable":true,"href":"https:\/\/lifeced.usv.ro\/ro_ro\/wp-json\/wp\/v2\/users\/1"}],"replies":[{"embeddable":true,"href":"https:\/\/lifeced.usv.ro\/ro_ro\/wp-json\/wp\/v2\/comments?post=429"}],"version-history":[{"count":26,"href":"https:\/\/lifeced.usv.ro\/ro_ro\/wp-json\/wp\/v2\/pages\/429\/revisions"}],"predecessor-version":[{"id":475,"href":"https:\/\/lifeced.usv.ro\/ro_ro\/wp-json\/wp\/v2\/pages\/429\/revisions\/475"}],"wp:attachment":[{"href":"https:\/\/lifeced.usv.ro\/ro_ro\/wp-json\/wp\/v2\/media?parent=429"}],"curies":[{"name":"wp","href":"https:\/\/api.w.org\/{rel}","templated":true}]}}