{"id":624,"date":"2026-03-11T14:47:32","date_gmt":"2026-03-11T12:47:32","guid":{"rendered":"https:\/\/lifeced.usv.ro\/?page_id=624"},"modified":"2026-03-31T13:21:27","modified_gmt":"2026-03-31T10:21:27","slug":"tehnici-de-gandire-critica-in-luarea-deciziilor","status":"publish","type":"page","link":"https:\/\/lifeced.usv.ro\/en\/tehnici-de-gandire-critica-in-luarea-deciziilor\/","title":{"rendered":"Tehnici de g\u00e2ndire critic\u0103 \u00een luarea deciziilor"},"content":{"rendered":"<!--themify_builder_content-->\n<div id=\"themify_builder_content-624\" data-postid=\"624\" class=\"themify_builder_content themify_builder_content-624 themify_builder tf_clear\">\n                    <div  data-lazy=\"1\" class=\"module_row themify_builder_row tb_8xug45 tb_first tf_w\">\n                        <div class=\"row_inner col_align_top tb_col_count_1 tf_box tf_rel\">\n                        <div  data-lazy=\"1\" class=\"module_column tb-column col-full tb_0eej46 first\">\n                            <div  data-lazy=\"1\" class=\"module_subrow themify_builder_sub_row tf_w col_align_top tb_col_count_2 tb_bzmx682\">\n                <div  data-lazy=\"1\" class=\"module_column sub_column col4-2 tb_uhbh684 first\">\n                    <!-- module image -->\n<div  class=\"module module-image tb_oi0p884 image-center rounded drop-shadow  tf_mw\" data-lazy=\"1\">\n        <div class=\"image-wrap tf_rel tf_mw\">\n            <img loading=\"lazy\" decoding=\"async\" src=\"https:\/\/lifeced.usv.ro\/wp-content\/uploads\/2026\/03\/Gandire-critica-65x73.png\" width=\"65\" height=\"73\" class=\"wp-post-image wp-image-619\" title=\"12 iunie \u2013 27 iunie \" alt=\"12 iunie \u2013 27 iunie \" srcset=\"https:\/\/lifeced.usv.ro\/wp-content\/uploads\/2026\/03\/Gandire-critica-65x73.png 65w, https:\/\/lifeced.usv.ro\/wp-content\/uploads\/2026\/03\/Gandire-critica-267x300.png 267w, https:\/\/lifeced.usv.ro\/wp-content\/uploads\/2026\/03\/Gandire-critica-11x12.png 11w, https:\/\/lifeced.usv.ro\/wp-content\/uploads\/2026\/03\/Gandire-critica.png 279w\" sizes=\"auto, (max-width: 65px) 100vw, 65px\" \/>    \n        <\/div>\n    <!-- \/image-wrap -->\n    \n        <div class=\"image-content\">\n                    <h3 class=\"image-title\">\n                                    12 iunie \u2013 27 iunie                             <\/h3>\n                    <\/div>\n    <!-- \/image-content -->\n        <\/div>\n<!-- \/module image -->        <\/div>\n                    <div  data-lazy=\"1\" class=\"module_column sub_column col4-2 tb_ecky915 last\">\n                    <!-- module text -->\n<div  class=\"module module-text tb_har3480\" data-lazy=\"1\">\n        <div  class=\"tb_text_wrap\">\n        <p>Curs de formare<\/p>    <\/div>\n<\/div>\n<!-- \/module text --><!-- module icon -->\n<div  class=\"module module-icon tb_20jc47    icon_vertical\" data-lazy=\"1\">\n\t\t\t<div class=\"module-icon-item\">\n\t\t\t\t\t\t\t\t\t\t\t\t\t\t\t\t<em class=\"tf_box\"\n\t\t\t\t\t\t\t\t\t\t\t\t style=\"color:#00b3ff\"\t\t\t\t\t><svg  class=\"tf_fa tf-fas-check-double\" xmlns:xlink=\"http:\/\/www.w3.org\/1999\/xlink\" aria-hidden=\"true\"><use href=\"#tf-fas-check-double\" xlink:href=\"#tf-fas-check-double\"><\/use><\/svg><\/em>\n\t\t\t\t\t\t\t\t\t\t\t\t\t\t\t\t\t\t\t<span>Tehnici de g\u00e2ndire critic\u0103 \u00een luarea deciziilor<\/span>\n\t\t\t\t\t\t\t\t\t\t\t\t\t\t\t<\/div>\n\t<\/div>\n<!-- \/module icon -->\n<!-- module text -->\n<div  class=\"module module-text tb_qaon673\" data-lazy=\"1\">\n        <div  class=\"tb_text_wrap\">\n        <ul>\n<li style=\"text-align: justify;\">Grupul de cursan\u021bi va include un num\u0103r de 30 de persoane apar\u021bin\u00e2nd grupurilor \u021bint\u0103 selectate (15 din Rom\u00e2nia \u0219i 15 din Ucraina).<\/li>\n<\/ul>\n    <\/div>\n<\/div>\n<!-- \/module text --><!-- module icon -->\n<div  class=\"module module-icon tb_a9n6172    icon_vertical\" data-lazy=\"1\">\n\t\t\t<div class=\"module-icon-item\">\n\t\t\t\t\t\t\t\t\t\t\t\t\t\t\t\t<em class=\"tf_box\"\n\t\t\t\t\t\t\t\t\t\t\t\t style=\"color:#00b3ff\"\t\t\t\t\t><svg  class=\"tf_fa tf-far-calendar-alt\" xmlns:xlink=\"http:\/\/www.w3.org\/1999\/xlink\" aria-hidden=\"true\"><use href=\"#tf-far-calendar-alt\" xlink:href=\"#tf-far-calendar-alt\"><\/use><\/svg><\/em>\n\t\t\t\t\t\t\t\t\t\t\t\t\t\t\t\t\t\t\t<span>Perioada de  desf\u0103\u0219urare: 12 iunie - 27 iunie 2026<\/span>\n\t\t\t\t\t\t\t\t\t\t\t\t\t\t\t<\/div>\n\t<\/div>\n<!-- \/module icon -->\n<!-- module icon -->\n<div  class=\"module module-icon tb_b6gm464    icon_vertical\" data-lazy=\"1\">\n\t\t\t<div class=\"module-icon-item\">\n\t\t\t\t\t\t\t\t\t\t\t\t\t\t\t\t<em class=\"tf_box\"\n\t\t\t\t\t\t\t\t\t\t\t\t style=\"color:#00b3ff\"\t\t\t\t\t><svg  class=\"tf_fa tf-fas-clipboard-list\" xmlns:xlink=\"http:\/\/www.w3.org\/1999\/xlink\" aria-hidden=\"true\"><use href=\"#tf-fas-clipboard-list\" xlink:href=\"#tf-fas-clipboard-list\"><\/use><\/svg><\/em>\n\t\t\t\t\t\t\t\t\t\t\t\t\t\t\t\t\t\t\t<span>Teme abordate \u00een cadrul cursului:<\/span>\n\t\t\t\t\t\t\t\t\t\t\t\t\t\t\t<\/div>\n\t<\/div>\n<!-- \/module icon -->\n<!-- module text -->\n<div  class=\"module module-text tb_5amo150\" data-lazy=\"1\">\n        <div  class=\"tb_text_wrap\">\n        <ul>\n<li style=\"text-align: left;\">Foundations of Critical Thinking;<\/li>\n<li style=\"text-align: left;\">Cognitive bias self-assessment;<\/li>\n<li style=\"text-align: left;\">Structured problem analysis;<\/li>\n<li style=\"text-align: left;\">The Art of Questioning;<\/li>\n<li style=\"text-align: left;\">The Critical Thinker\u2019s Mindset;<\/li>\n<li style=\"text-align: left;\">Ethical decision making;<\/li>\n<li style=\"text-align: left;\">Frameworks\/toolkits for Decision-Making.<\/li>\n<\/ul>    <\/div>\n<\/div>\n<!-- \/module text --><!-- module text -->\n<div  class=\"module module-text tb_siiu693\" data-lazy=\"1\">\n        <div  class=\"tb_text_wrap\">\n            <\/div>\n<\/div>\n<!-- \/module text -->        <\/div>\n                    <\/div>\n                <\/div>\n                        <\/div>\n        <\/div>\n                        <div  data-lazy=\"1\" class=\"module_row themify_builder_row tb_wi07153 tf_w\">\n                        <div class=\"row_inner col_align_top tb_col_count_1 tf_box tf_rel\">\n                        <div  data-lazy=\"1\" class=\"module_column tb-column col-full tb_qv0m153 first\">\n                            <div  data-lazy=\"1\" class=\"module_subrow themify_builder_sub_row tf_w col_align_top tb_col_count_1 tb_gnkr153\">\n                <div  data-lazy=\"1\" class=\"module_column sub_column col-full tb_7ez6153 first\">\n                    <!-- module text -->\n<div  class=\"module module-text tb_f5t0153\" data-lazy=\"1\">\n        <div  class=\"tb_text_wrap\">\n        <p><strong>Termen limit\u0103 de \u00eenscrieri \u2013 5 aprilie 2026<\/strong><\/p>\n<p>Se poate completa o singur\u0103 cerere de \u00eenscriere pentru toate cursurile de formare, \u00eenso\u021bite de o singur\u0103 scrisoare de inten\u021bie care s\u0103 cuprind\u0103 toate op\u021biunile \u00een ordinea priorit\u0103\u021bilor \u0219i s\u0103 fie indicate de ce fiecare op\u021biune este important\u0103 pentru formarea profesioanl\u0103.<\/p>    <\/div>\n<\/div>\n<!-- \/module text --><!-- module text -->\n<div  class=\"module module-text tb_u3tq153\" data-lazy=\"1\">\n        <div  class=\"tb_text_wrap\">\n        <p><strong>Criteriu de selec\u021bie:<\/strong><\/p>\n<ul>\n<li>Cunoa\u0219terea limbii engleze la un nivel minim echivalent B1 \u2013 Intermediate English\u00a0<\/li>\n<\/ul>\n<p><strong>Rezultatul accept\u0103rii \u00eenscrierii va fi comunicat p\u00e2n\u0103 pe data de 17 aprilie 2026<\/strong><\/p>    <\/div>\n<\/div>\n<!-- \/module text -->        <\/div>\n                    <\/div>\n                <\/div>\n                        <\/div>\n        <\/div>\n        <\/div>\n<!--\/themify_builder_content-->","protected":false},"excerpt":{"rendered":"<p>Curs de formare<\/p>","protected":false},"author":1,"featured_media":0,"parent":0,"menu_order":0,"comment_status":"closed","ping_status":"closed","template":"","meta":{"footnotes":""},"class_list":["post-624","page","type-page","status-publish","hentry","has-post-title","has-post-date","has-post-category","has-post-tag","has-post-comment","has-post-author",""],"builder_content":"<img src=\"https:\/\/lifeced.usv.ro\/wp-content\/uploads\/2026\/03\/Gandire-critica-65x73.png\" width=\"65\" height=\"73\" title=\"12 iunie \u2013 27 iunie \" alt=\"12 iunie \u2013 27 iunie \" srcset=\"https:\/\/lifeced.usv.ro\/wp-content\/uploads\/2026\/03\/Gandire-critica-65x73.png 65w, https:\/\/lifeced.usv.ro\/wp-content\/uploads\/2026\/03\/Gandire-critica-267x300.png 267w, https:\/\/lifeced.usv.ro\/wp-content\/uploads\/2026\/03\/Gandire-critica-11x12.png 11w, https:\/\/lifeced.usv.ro\/wp-content\/uploads\/2026\/03\/Gandire-critica.png 279w\" sizes=\"(max-width: 65px) 100vw, 65px\" \/> <h3> 12 iunie \u2013 27 iunie <\/h3>\n<p>Curs de formare<\/p>\n<em style=\"color:#00b3ff\" ><svg xmlns:xlink=\"http:\/\/www.w3.org\/1999\/xlink\" aria-hidden=\"true\"><use href=\"#tf-fas-check-double\" xlink:href=\"#tf-fas-check-double\"><\/use><\/svg><\/em> Tehnici de g\u00e2ndire critic\u0103 \u00een luarea deciziilor\n<ul> <li style=\"text-align: justify;\">Grupul de cursan\u021bi va include un num\u0103r de 30 de persoane apar\u021bin\u00e2nd grupurilor \u021bint\u0103 selectate (15 din Rom\u00e2nia \u0219i 15 din Ucraina).<\/li> <\/ul>\n<em style=\"color:#00b3ff\" ><svg xmlns:xlink=\"http:\/\/www.w3.org\/1999\/xlink\" aria-hidden=\"true\"><use href=\"#tf-far-calendar-alt\" xlink:href=\"#tf-far-calendar-alt\"><\/use><\/svg><\/em> Perioada de desf\u0103\u0219urare: 12 iunie - 27 iunie 2026\n<em style=\"color:#00b3ff\" ><svg xmlns:xlink=\"http:\/\/www.w3.org\/1999\/xlink\" aria-hidden=\"true\"><use href=\"#tf-fas-clipboard-list\" xlink:href=\"#tf-fas-clipboard-list\"><\/use><\/svg><\/em> Teme abordate \u00een cadrul cursului:\n<ul> <li style=\"text-align: left;\">Foundations of Critical Thinking;<\/li> <li style=\"text-align: left;\">Cognitive bias self-assessment;<\/li> <li style=\"text-align: left;\">Structured problem analysis;<\/li> <li style=\"text-align: left;\">The Art of Questioning;<\/li> <li style=\"text-align: left;\">The Critical Thinker\u2019s Mindset;<\/li> <li style=\"text-align: left;\">Ethical decision making;<\/li> <li style=\"text-align: left;\">Frameworks\/toolkits for Decision-Making.<\/li> <\/ul>\n\n<p><strong>Termen limit\u0103 de \u00eenscrieri \u2013 5 aprilie 2026<\/strong><\/p> <p>Se poate completa o singur\u0103 cerere de \u00eenscriere pentru toate cursurile de formare, \u00eenso\u021bite de o singur\u0103 scrisoare de inten\u021bie care s\u0103 cuprind\u0103 toate op\u021biunile \u00een ordinea priorit\u0103\u021bilor \u0219i s\u0103 fie indicate de ce fiecare op\u021biune este important\u0103 pentru formarea profesioanl\u0103.<\/p>\n<p><strong>Criteriu de selec\u021bie:<\/strong><\/p> <ul> <li>Cunoa\u0219terea limbii engleze la un nivel minim echivalent B1 \u2013 Intermediate English\u00a0<\/li> <\/ul> <p><strong>Rezultatul accept\u0103rii \u00eenscrierii va fi comunicat p\u00e2n\u0103 pe data de 17 aprilie 2026<\/strong><\/p>","_links":{"self":[{"href":"https:\/\/lifeced.usv.ro\/en\/wp-json\/wp\/v2\/pages\/624","targetHints":{"allow":["GET"]}}],"collection":[{"href":"https:\/\/lifeced.usv.ro\/en\/wp-json\/wp\/v2\/pages"}],"about":[{"href":"https:\/\/lifeced.usv.ro\/en\/wp-json\/wp\/v2\/types\/page"}],"author":[{"embeddable":true,"href":"https:\/\/lifeced.usv.ro\/en\/wp-json\/wp\/v2\/users\/1"}],"replies":[{"embeddable":true,"href":"https:\/\/lifeced.usv.ro\/en\/wp-json\/wp\/v2\/comments?post=624"}],"version-history":[{"count":21,"href":"https:\/\/lifeced.usv.ro\/en\/wp-json\/wp\/v2\/pages\/624\/revisions"}],"predecessor-version":[{"id":829,"href":"https:\/\/lifeced.usv.ro\/en\/wp-json\/wp\/v2\/pages\/624\/revisions\/829"}],"wp:attachment":[{"href":"https:\/\/lifeced.usv.ro\/en\/wp-json\/wp\/v2\/media?parent=624"}],"curies":[{"name":"wp","href":"https:\/\/api.w.org\/{rel}","templated":true}]}}