{"id":46,"date":"2021-06-11T12:58:11","date_gmt":"2021-06-11T12:58:11","guid":{"rendered":"https:\/\/lifeced.usv.ro\/home\/"},"modified":"2026-04-27T10:26:39","modified_gmt":"2026-04-27T07:26:39","slug":"home","status":"publish","type":"page","link":"https:\/\/lifeced.usv.ro\/en\/","title":{"rendered":"Home"},"content":{"rendered":"<!--themify_builder_content-->\n<div id=\"themify_builder_content-46\" data-postid=\"46\" class=\"themify_builder_content themify_builder_content-46 themify_builder tf_clear\">\n                    <div  data-lazy=\"1\" class=\"module_row themify_builder_row tb_c9ur958 tb_first tf_w\">\n                        <div class=\"row_inner col_align_top tb_col_count_1 tf_box tf_rel\">\n                        <div  data-lazy=\"1\" class=\"module_column tb-column tb_swe5958 first\">\n                            <\/div>\n                        <\/div>\n        <\/div>\n                        <div  data-lazy=\"1\" class=\"module_row themify_builder_row tb_bw8g810 tf_w\">\n                        <div class=\"row_inner col_align_top tb_col_count_1 tf_box tf_rel\">\n                        <div  data-lazy=\"1\" class=\"module_column tb-column col-full tb_3nzu810 first\">\n                    <!-- module text -->\n<div  class=\"module module-text tb_w5e1810\" data-lazy=\"1\">\n        <div  class=\"tb_text_wrap\">\n        <h2>Lifelong and Cultural Inclusive Education on the Romanian-Ukrainian Border LIFECED<\/h2>    <\/div>\n<\/div>\n<!-- \/module text -->        <\/div>\n                        <\/div>\n        <\/div>\n                        <div  data-lazy=\"1\" class=\"module_row themify_builder_row tb_lffd488 tf_w\">\n                        <div class=\"row_inner col_align_top tb_col_count_1 tf_box tf_rel\">\n                        <div  data-lazy=\"1\" class=\"module_column tb-column col-full tb_9w81488 first\">\n                    <!-- module text -->\n<div  class=\"module module-text tb_6h5a488\" data-lazy=\"1\">\n        <div  class=\"tb_text_wrap\">\n        <h3><strong>Code:\u00a0<span lang=\"EN-GB\">ROUA 00256<\/span><\/strong><\/h3>    <\/div>\n<\/div>\n<!-- \/module text -->        <\/div>\n                        <\/div>\n        <\/div>\n                        <div  data-lazy=\"1\" class=\"module_row themify_builder_row tb_esyg491 tf_w\">\n                        <div class=\"row_inner col_align_top tb_col_count_1 tf_box tf_rel\">\n                        <div  data-lazy=\"1\" class=\"module_column tb-column col-full tb_zd59491 first\">\n                    <!-- module text -->\n<div  class=\"module module-text tb_42n2491\" data-lazy=\"1\">\n        <div  class=\"tb_text_wrap\">\n        <p style=\"text-align: center;\">Apel \u00eenscrieri cursan\u021bi din Rom\u00e2nia\u00a0 \u2666 \u00a0<em><b>Dezvolt\u0103-\u021bi cariera f\u0103r\u0103 frontiere!<\/b><\/em><\/p>    <\/div>\n<\/div>\n<!-- \/module text --><!-- module text -->\n<div  class=\"module module-text tb_xyaz491\" data-lazy=\"1\">\n        <div  class=\"tb_text_wrap\">\n        <p><b>Programe<\/b><b> de <\/b><b>formare<\/b> <b>profesional\u0103<\/b><b>:<\/b><\/p>    <\/div>\n<\/div>\n<!-- \/module text --><!-- module text -->\n<div  class=\"module module-text tb_dxpc491\" data-lazy=\"1\">\n        <div  class=\"tb_text_wrap\">\n        <p><b>ROM\u00c2NIA (\ud83c\uddf7\ud83c\uddf4) &#8211; UCRAINA (\ud83c\uddfa\ud83c\udde6)<\/b><\/p>    <\/div>\n<\/div>\n<!-- \/module text -->        <\/div>\n                        <\/div>\n        <\/div>\n                        <div  data-lazy=\"1\" class=\"module_row themify_builder_row tb_mofb105 tf_w\">\n                        <div class=\"row_inner col_align_top tb_col_count_1 tf_box tf_rel\">\n                        <div  data-lazy=\"1\" class=\"module_column tb-column col-full tb_lnfp105 first\">\n                            <div  data-lazy=\"1\" class=\"module_subrow themify_builder_sub_row tf_w col_align_middle tb_col_count_2 tb_klxx105\">\n                <div  data-lazy=\"1\" class=\"module_column sub_column col4-2 tb_0kgn105 first\" data-tb_link=\"http:\/\/lifeced.usv.ro\/managementul-proiectelor\/\">\n                    <!-- module icon -->\n<div  class=\"module module-icon tb_e8ms105  xlarge rounded icon_horizontal tf_textc\" data-lazy=\"1\">\n\t\t\t<div class=\"module-icon-item\">\n\t\t\t\t\t\t\t\t\t\t\t\t\t\t\t\t<em class=\"tf_box\"\n\t\t\t\t\t\t\t\t\t\t\t\t style=\"background-color:#ffffff;color:#002575\"\t\t\t\t\t><svg  class=\"tf_fa tf-fas-clipboard-list\" xmlns:xlink=\"http:\/\/www.w3.org\/1999\/xlink\" aria-hidden=\"true\"><use href=\"#tf-fas-clipboard-list\" xlink:href=\"#tf-fas-clipboard-list\"><\/use><\/svg><\/em>\n\t\t\t\t\t\t\t\t\t\t\t\t\t\t<\/div>\n\t<\/div>\n<!-- \/module icon -->\n        <\/div>\n                    <div  data-lazy=\"1\" class=\"module_column sub_column col4-2 tb_5iga105 last\" data-tb_link=\"http:\/\/lifeced.usv.ro\/managementul-proiectelor\/\">\n                    <!-- module text -->\n<div  class=\"module module-text tb_8aur105\" data-lazy=\"1\">\n        <div  class=\"tb_text_wrap\">\n        <h4 style=\"font-weight: 400; text-align: left;\"><strong>Managementul proiectelor<\/strong><\/h4>    <\/div>\n<\/div>\n<!-- \/module text --><!-- module text -->\n<div  class=\"module module-text tb_4gug258\" data-lazy=\"1\">\n        <div  class=\"tb_text_wrap\">\n        <h4 style=\"font-weight: 400; text-align: left;\">24 aprilie \u2013 16 mai\u00a0 2026 | 60 ore |\u00a0 15 locuri<\/h4>    <\/div>\n<\/div>\n<!-- \/module text -->        <\/div>\n                    <\/div>\n                <div  data-lazy=\"1\" class=\"module_subrow themify_builder_sub_row tf_w col_align_middle tb_col_count_2 tb_tx37105\">\n                <div  data-lazy=\"1\" class=\"module_column sub_column col4-2 tb_lrq6105 first\" data-tb_link=\"https:\/\/lifeced.usv.ro\/ro_ro\/limba-engleza-pentru-managementul-proiectelor\/\">\n                    <!-- module icon -->\n<div  class=\"module module-icon tb_pzjf105  xlarge rounded icon_horizontal tf_textc\" data-lazy=\"1\">\n\t\t\t<div class=\"module-icon-item\">\n\t\t\t\t\t\t\t\t\t\t\t\t\t\t\t\t<em class=\"tf_box\"\n\t\t\t\t\t\t\t\t\t\t\t\t style=\"background-color:#ffffff;color:#002575\"\t\t\t\t\t><svg  class=\"tf_fa tf-fas-book-bookmark\" xmlns:xlink=\"http:\/\/www.w3.org\/1999\/xlink\" aria-hidden=\"true\"><use href=\"#tf-fas-book-bookmark\" xlink:href=\"#tf-fas-book-bookmark\"><\/use><\/svg><\/em>\n\t\t\t\t\t\t\t\t\t\t\t\t\t\t<\/div>\n\t<\/div>\n<!-- \/module icon -->\n        <\/div>\n                    <div  data-lazy=\"1\" class=\"module_column sub_column col4-2 tb_pcsr105 last\" data-tb_link=\"https:\/\/lifeced.usv.ro\/ro_ro\/limba-engleza-pentru-managementul-proiectelor\/\">\n                    <!-- module text -->\n<div  class=\"module module-text tb_kh63105\" data-lazy=\"1\">\n        <div  class=\"tb_text_wrap\">\n        <h4 style=\"font-weight: 400; text-align: left;\"><strong>Limba englez\u0103 pentru managementul proiectelor<\/strong><\/h4>    <\/div>\n<\/div>\n<!-- \/module text --><!-- module text -->\n<div  class=\"module module-text tb_qvam891\" data-lazy=\"1\">\n        <div  class=\"tb_text_wrap\">\n        <h4 style=\"font-weight: 400; text-align: left;\">22 mai \u2013 6 iunie\u00a0 2026 | 60 ore |\u00a0 15 locuri<\/h4>    <\/div>\n<\/div>\n<!-- \/module text -->        <\/div>\n                    <\/div>\n                <div  data-lazy=\"1\" class=\"module_subrow themify_builder_sub_row tf_w col_align_middle tb_col_count_2 tb_pblu105\">\n                <div  data-lazy=\"1\" class=\"module_column sub_column col4-2 tb_cdr0105 first\" data-tb_link=\"https:\/\/lifeced.usv.ro\/tehnici-de-gandire-critica-in-luarea-deciziilor\/\">\n                    <!-- module icon -->\n<div  class=\"module module-icon tb_f8i8105  xlarge rounded icon_horizontal tf_textc\" data-lazy=\"1\">\n\t\t\t<div class=\"module-icon-item\">\n\t\t\t\t\t\t\t\t\t\t\t\t\t\t\t\t<em class=\"tf_box\"\n\t\t\t\t\t\t\t\t\t\t\t\t style=\"background-color:#ffffff;color:#002575\"\t\t\t\t\t><svg  class=\"tf_fa tf-fas-user-cog\" xmlns:xlink=\"http:\/\/www.w3.org\/1999\/xlink\" aria-hidden=\"true\"><use href=\"#tf-fas-user-cog\" xlink:href=\"#tf-fas-user-cog\"><\/use><\/svg><\/em>\n\t\t\t\t\t\t\t\t\t\t\t\t\t\t<\/div>\n\t<\/div>\n<!-- \/module icon -->\n        <\/div>\n                    <div  data-lazy=\"1\" class=\"module_column sub_column col4-2 tb_ieid105 last\" data-tb_link=\"https:\/\/lifeced.usv.ro\/tehnici-de-gandire-critica-in-luarea-deciziilor\/\">\n                    <!-- module text -->\n<div  class=\"module module-text tb_ywep105\" data-lazy=\"1\">\n        <div  class=\"tb_text_wrap\">\n        <h4 style=\"font-weight: 400; text-align: left;\"><strong>Tehnici de g\u00e2ndire critic\u0103 \u00een luarea deciziilor<\/strong><\/h4>    <\/div>\n<\/div>\n<!-- \/module text --><!-- module text -->\n<div  class=\"module module-text tb_5nfn164\" data-lazy=\"1\">\n        <div  class=\"tb_text_wrap\">\n        <h4 style=\"font-weight: 400; text-align: left;\">12 iunie \u2013 27 iunie\u00a0 2026 | 60 ore |\u00a0 15 locuri<\/h4>    <\/div>\n<\/div>\n<!-- \/module text -->        <\/div>\n                    <\/div>\n                <div  data-lazy=\"1\" class=\"module_subrow themify_builder_sub_row tf_w col_align_middle tb_col_count_2 tb_bzlw105\">\n                <div  data-lazy=\"1\" class=\"module_column sub_column col4-2 tb_rurk105 first\" data-tb_link=\"https:\/\/lifeced.usv.ro\/crearea-de-evenimente-incubatorul-de-idei\/\">\n                    <!-- module icon -->\n<div  class=\"module module-icon tb_3hhd105  xlarge rounded icon_horizontal tf_textc\" data-lazy=\"1\">\n\t\t\t<div class=\"module-icon-item\">\n\t\t\t\t\t\t\t\t\t\t\t\t\t\t\t\t<em class=\"tf_box\"\n\t\t\t\t\t\t\t\t\t\t\t\t style=\"background-color:#ffffff;color:#002575\"\t\t\t\t\t><svg  class=\"tf_fa tf-fas-comment\" xmlns:xlink=\"http:\/\/www.w3.org\/1999\/xlink\" aria-hidden=\"true\"><use href=\"#tf-fas-comment\" xlink:href=\"#tf-fas-comment\"><\/use><\/svg><\/em>\n\t\t\t\t\t\t\t\t\t\t\t\t\t\t<\/div>\n\t<\/div>\n<!-- \/module icon -->\n        <\/div>\n                    <div  data-lazy=\"1\" class=\"module_column sub_column col4-2 tb_04tb105 last\" data-tb_link=\"https:\/\/lifeced.usv.ro\/crearea-de-evenimente-incubatorul-de-idei\/\">\n                    <!-- module text -->\n<div  class=\"module module-text tb_xxjw105\" data-lazy=\"1\">\n        <div  class=\"tb_text_wrap\">\n        <h4 style=\"font-weight: 400; text-align: left;\"><strong>Crearea de evenimente &#8211; incubatorul de idei<\/strong><\/h4>    <\/div>\n<\/div>\n<!-- \/module text --><!-- module text -->\n<div  class=\"module module-text tb_mr4d188\" data-lazy=\"1\">\n        <div  class=\"tb_text_wrap\">\n        <h4 style=\"font-weight: 400; text-align: left;\">10 iunie \u2013 18 iunie\u00a0 2026 | 30 ore |\u00a0 15 locuri<\/h4>    <\/div>\n<\/div>\n<!-- \/module text -->        <\/div>\n                    <\/div>\n                <div  data-lazy=\"1\" class=\"module_subrow themify_builder_sub_row tf_w col_align_middle tb_col_count_2 tb_usza105\">\n                <div  data-lazy=\"1\" class=\"module_column sub_column col4-2 tb_mv0w105 first\" data-tb_link=\"https:\/\/lifeced.usv.ro\/competente-digitale-si-potentialul-ai\/\">\n                    <!-- module icon -->\n<div  class=\"module module-icon tb_sa9d105  xlarge rounded icon_horizontal tf_textc\" data-lazy=\"1\">\n\t\t\t<div class=\"module-icon-item\">\n\t\t\t\t\t\t\t\t\t\t\t\t\t\t\t\t<em class=\"tf_box\"\n\t\t\t\t\t\t\t\t\t\t\t\t style=\"background-color:#ffffff;color:#002575\"\t\t\t\t\t><svg  class=\"tf_fa tf-fas-computer\" xmlns:xlink=\"http:\/\/www.w3.org\/1999\/xlink\" aria-hidden=\"true\"><use href=\"#tf-fas-computer\" xlink:href=\"#tf-fas-computer\"><\/use><\/svg><\/em>\n\t\t\t\t\t\t\t\t\t\t\t\t\t\t<\/div>\n\t<\/div>\n<!-- \/module icon -->\n        <\/div>\n                    <div  data-lazy=\"1\" class=\"module_column sub_column col4-2 tb_46p4105 last\" data-tb_link=\"https:\/\/lifeced.usv.ro\/competente-digitale-si-potentialul-ai\/\">\n                    <!-- module text -->\n<div  class=\"module module-text tb_wr3i105\" data-lazy=\"1\">\n        <div  class=\"tb_text_wrap\">\n        <h4 style=\"font-weight: 400; text-align: left;\"><strong>Competen\u021be digitale \u0219i poten\u021bialul AI<\/strong><\/h4>    <\/div>\n<\/div>\n<!-- \/module text --><!-- module text -->\n<div  class=\"module module-text tb_g30s736\" data-lazy=\"1\">\n        <div  class=\"tb_text_wrap\">\n        <h4 style=\"font-weight: 400; text-align: left;\">2 octombrie \u2013 17 octombrie 2026 | 60 ore |\u00a0 15 locuri<\/h4>    <\/div>\n<\/div>\n<!-- \/module text -->        <\/div>\n                    <\/div>\n                <div  data-lazy=\"1\" class=\"module_subrow themify_builder_sub_row tf_w col_align_middle tb_col_count_2 tb_s4di105\">\n                <div  data-lazy=\"1\" class=\"module_column sub_column col4-2 tb_yr9r105 first\" data-tb_link=\"http:\/\/lifeced.usv.ro\/antreprenoriat-in-regiunea-transfrontaliera\/\">\n                    <!-- module icon -->\n<div  class=\"module module-icon tb_75bf105  xlarge rounded icon_horizontal tf_textc\" data-lazy=\"1\">\n\t\t\t<div class=\"module-icon-item\">\n\t\t\t\t\t\t\t\t\t\t\t\t\t\t\t\t<em class=\"tf_box\"\n\t\t\t\t\t\t\t\t\t\t\t\t style=\"background-color:#ffffff;color:#002575\"\t\t\t\t\t><svg  class=\"tf_fa tf-fas-people-group\" xmlns:xlink=\"http:\/\/www.w3.org\/1999\/xlink\" aria-hidden=\"true\"><use href=\"#tf-fas-people-group\" xlink:href=\"#tf-fas-people-group\"><\/use><\/svg><\/em>\n\t\t\t\t\t\t\t\t\t\t\t\t\t\t<\/div>\n\t<\/div>\n<!-- \/module icon -->\n        <\/div>\n                    <div  data-lazy=\"1\" class=\"module_column sub_column col4-2 tb_6rdc105 last\" data-tb_link=\"http:\/\/lifeced.usv.ro\/antreprenoriat-in-regiunea-transfrontaliera\/\">\n                    <!-- module text -->\n<div  class=\"module module-text tb_hcek105\" data-lazy=\"1\">\n        <div  class=\"tb_text_wrap\">\n        <h4 style=\"font-weight: 400; text-align: left;\"><strong>Antreprenoriat \u00een regiunea transfrontalier\u0103<\/strong><\/h4>    <\/div>\n<\/div>\n<!-- \/module text --><!-- module text -->\n<div  class=\"module module-text tb_pmjv326\" data-lazy=\"1\">\n        <div  class=\"tb_text_wrap\">\n        <h4 style=\"font-weight: 400; text-align: left;\">23 octombrie \u2013 7 noiembrie 2026 | 60 ore |\u00a0 20 locuri<\/h4>    <\/div>\n<\/div>\n<!-- \/module text -->        <\/div>\n                    <\/div>\n                <\/div>\n                        <\/div>\n        <\/div>\n                        <div  data-lazy=\"1\" class=\"module_row themify_builder_row tb_9swj508 tf_w\">\n                        <div class=\"row_inner col_align_top tb_col_count_1 tf_box tf_rel\">\n                        <div  data-lazy=\"1\" class=\"module_column tb-column col-full tb_tqys508 first\">\n                            <div  data-lazy=\"1\" class=\"module_subrow themify_builder_sub_row tf_w col_align_middle tb_col_count_2 tb_e3of508\">\n                <div  data-lazy=\"1\" class=\"module_column sub_column col4-2 tb_5vjz508 first\" data-tb_link=\"https:\/\/forms.gle\/9X5ZPpwRFRgDAz2bA\">\n                    <!-- module image -->\n<div  class=\"module module-image tb_2gl8610 image-top   tf_mw\" data-lazy=\"1\">\n        <div class=\"image-wrap tf_rel tf_mw\">\n            <img loading=\"lazy\" decoding=\"async\" src=\"https:\/\/lifeced.usv.ro\/wp-content\/uploads\/2026\/03\/pngwing.com_-1024x1024-72x72.png\" width=\"72\" height=\"72\" class=\"wp-post-image wp-image-775\" title=\"pngwing.com\" alt=\"pngwing.com\" srcset=\"https:\/\/lifeced.usv.ro\/wp-content\/uploads\/2026\/03\/pngwing.com_-1024x1024-72x72.png 72w, https:\/\/lifeced.usv.ro\/wp-content\/uploads\/2026\/03\/pngwing.com_-300x300.png 300w, https:\/\/lifeced.usv.ro\/wp-content\/uploads\/2026\/03\/pngwing.com_-1024x1024.png 1024w, https:\/\/lifeced.usv.ro\/wp-content\/uploads\/2026\/03\/pngwing.com_-150x150.png 150w, https:\/\/lifeced.usv.ro\/wp-content\/uploads\/2026\/03\/pngwing.com_-768x768.png 768w, https:\/\/lifeced.usv.ro\/wp-content\/uploads\/2026\/03\/pngwing.com_-1536x1536.png 1536w, https:\/\/lifeced.usv.ro\/wp-content\/uploads\/2026\/03\/pngwing.com_-2048x2048.png 2048w, https:\/\/lifeced.usv.ro\/wp-content\/uploads\/2026\/03\/pngwing.com_-12x12.png 12w\" sizes=\"auto, (max-width: 72px) 100vw, 72px\" \/>    \n        <\/div>\n    <!-- \/image-wrap -->\n    \n        <\/div>\n<!-- \/module image -->        <\/div>\n                    <div  data-lazy=\"1\" class=\"module_column sub_column col4-2 tb_q1mw508 last\" data-tb_link=\"https:\/\/forms.gle\/9X5ZPpwRFRgDAz2bA\">\n                    <!-- module text -->\n<div  class=\"module module-text tb_q6l8508\" data-lazy=\"1\">\n        <div  class=\"tb_text_wrap\">\n        <h4 style=\"font-weight: 400; text-align: left;\"><strong>FI\u0218A DE \u00ceNSCRIERE CURSURI LIFECED &#8211; ROM\u00c2NIA<\/strong><\/h4>    <\/div>\n<\/div>\n<!-- \/module text --><!-- module text -->\n<div  class=\"module module-text tb_m6ik508\" data-lazy=\"1\">\n        <div  class=\"tb_text_wrap\">\n        <h4 style=\"font-weight: 400; text-align: left;\">Formular Google<\/h4>    <\/div>\n<\/div>\n<!-- \/module text -->        <\/div>\n                    <\/div>\n                <\/div>\n                        <\/div>\n        <\/div>\n                        <div  data-lazy=\"1\" class=\"module_row themify_builder_row tb_t1q6595 tf_w\">\n                        <div class=\"row_inner col_align_top tb_col_count_1 tf_box tf_rel\">\n                        <div  data-lazy=\"1\" class=\"module_column tb-column col-full tb_c20p595 first\">\n                            <div  data-lazy=\"1\" class=\"module_subrow themify_builder_sub_row tf_w col_align_top tb_col_count_1 tb_93pw595\">\n                <div  data-lazy=\"1\" class=\"module_column sub_column col-full tb_bueb595 first\">\n                    <!-- module text -->\n<div  class=\"module module-text tb_8zwd215\" data-lazy=\"1\">\n        <div  class=\"tb_text_wrap\">\n        <p><strong>ANUN\u021a:<\/strong><\/p>    <\/div>\n<\/div>\n<!-- \/module text --><!-- module text -->\n<div  class=\"module module-text tb_vm2h595\" data-lazy=\"1\">\n        <div  class=\"tb_text_wrap\">\n        <p>Din motive administrative independente de voin\u021ba organizatorilor, perioada de desf\u0103\u0219urare a cursurilor va fi reprogramat\u0103.\u00a0<\/p>\n<p>Calendarul actualizat cu noile intervale ale sesiunilor de formare va fi afi\u0219at \u00een scurt timp.<\/p>    <\/div>\n<\/div>\n<!-- \/module text -->        <\/div>\n                    <\/div>\n                <\/div>\n                        <\/div>\n        <\/div>\n                        <div  data-lazy=\"1\" class=\"module_row themify_builder_row tb_f7pa619 tf_w\">\n                        <div class=\"row_inner col_align_top tb_col_count_1 tf_box tf_rel\">\n                        <div  data-lazy=\"1\" class=\"module_column tb-column col-full tb_fqfc619 first\">\n                    <!-- module text -->\n<div  class=\"module module-text tb_7o8i619\" data-lazy=\"1\">\n        <div  class=\"tb_text_wrap\">\n        <h4 style=\"font-weight: 400;\"><em><strong>Partners:<\/strong><\/em><\/h4>    <\/div>\n<\/div>\n<!-- \/module text -->        <div  data-lazy=\"1\" class=\"module_subrow themify_builder_sub_row tf_w col_align_middle tb_col_count_2 tb_soo8619\">\n                <div  data-lazy=\"1\" class=\"module_column sub_column col4-2 tb_m35q619 first\">\n                    <!-- module image -->\n<div  class=\"module module-image tb_uvwb619 image-right   tf_mw\" data-lazy=\"1\">\n        <div class=\"image-wrap tf_rel tf_mw\">\n            <img loading=\"lazy\" decoding=\"async\" src=\"https:\/\/lifeced.usv.ro\/wp-content\/uploads\/2026\/01\/Logo-USV-corel-Engleza-transparent.png\" width=\"115\" height=\"130\" class=\"wp-post-image wp-image-510\" title=\"Logo USV EN transparent\" alt=\"Logo USV corel transparent\" srcset=\"https:\/\/lifeced.usv.ro\/wp-content\/uploads\/2026\/01\/Logo-USV-corel-Engleza-transparent.png 680w, https:\/\/lifeced.usv.ro\/wp-content\/uploads\/2026\/01\/Logo-USV-corel-Engleza-transparent-282x300.png 282w, https:\/\/lifeced.usv.ro\/wp-content\/uploads\/2026\/01\/Logo-USV-corel-Engleza-transparent-11x12.png 11w\" sizes=\"auto, (max-width: 115px) 100vw, 115px\" \/>    \n        <\/div>\n    <!-- \/image-wrap -->\n    \n        <\/div>\n<!-- \/module image -->        <\/div>\n                    <div  data-lazy=\"1\" class=\"module_column sub_column col4-2 tb_p8ar619 last\">\n                    <!-- module text -->\n<div  class=\"module module-text tb_sicm619\" data-lazy=\"1\">\n        <div  class=\"tb_text_wrap\">\n        <h4 style=\"font-weight: 400; text-align: left;\"><strong>Stefan cel Mare University of Suceava<\/strong><\/h4>    <\/div>\n<\/div>\n<!-- \/module text -->        <\/div>\n                    <\/div>\n                <div  data-lazy=\"1\" class=\"module_subrow themify_builder_sub_row tf_w col_align_middle tb_col_count_2 tb_urp9619\">\n                <div  data-lazy=\"1\" class=\"module_column sub_column col4-2 tb_filc619 first\">\n                    <!-- module image -->\n<div  class=\"module module-image tb_wqj4619 image-right   tf_mw\" data-lazy=\"1\">\n        <div class=\"image-wrap tf_rel tf_mw\">\n            <img loading=\"lazy\" decoding=\"async\" src=\"https:\/\/lifeced.usv.ro\/wp-content\/uploads\/2025\/09\/UNIVERUVI-logo-ucraina-818x1024-95x119.png\" width=\"95\" height=\"119\" class=\"wp-post-image wp-image-181\" title=\"UNIVERUVI logo ucraina\" alt=\"UNIVERUVI logo ucraina\" srcset=\"https:\/\/lifeced.usv.ro\/wp-content\/uploads\/2025\/09\/UNIVERUVI-logo-ucraina-818x1024-95x119.png 95w, https:\/\/lifeced.usv.ro\/wp-content\/uploads\/2025\/09\/UNIVERUVI-logo-ucraina-240x300.png 240w, https:\/\/lifeced.usv.ro\/wp-content\/uploads\/2025\/09\/UNIVERUVI-logo-ucraina-818x1024.png 818w, https:\/\/lifeced.usv.ro\/wp-content\/uploads\/2025\/09\/UNIVERUVI-logo-ucraina-768x961.png 768w, https:\/\/lifeced.usv.ro\/wp-content\/uploads\/2025\/09\/UNIVERUVI-logo-ucraina-10x12.png 10w, https:\/\/lifeced.usv.ro\/wp-content\/uploads\/2025\/09\/UNIVERUVI-logo-ucraina.png 1046w\" sizes=\"auto, (max-width: 95px) 100vw, 95px\" \/>    \n        <\/div>\n    <!-- \/image-wrap -->\n    \n        <\/div>\n<!-- \/module image -->        <\/div>\n                    <div  data-lazy=\"1\" class=\"module_column sub_column col4-2 tb_nz75619 last\">\n                    <!-- module text -->\n<div  class=\"module module-text tb_dysz619\" data-lazy=\"1\">\n        <div  class=\"tb_text_wrap\">\n        <h4 style=\"font-weight: 400; text-align: left;\"><strong>Ivano-Frankivsk National Technical University of Oil and Gas<\/strong><\/h4>    <\/div>\n<\/div>\n<!-- \/module text -->        <\/div>\n                    <\/div>\n                <\/div>\n                        <\/div>\n        <\/div>\n                        <div  data-lazy=\"1\" class=\"module_row themify_builder_row tb_4jnq966 tf_w\">\n                        <div class=\"row_inner col_align_top tb_col_count_1 tf_box tf_rel\">\n                        <div  data-lazy=\"1\" class=\"module_column tb-column col-full tb_gczj966 first\">\n                    <!-- module divider -->\n<div  class=\"module tf_mw module-divider tb_u5su556 dashed\" style=\"border-width: 1px;border-color: #000;\" data-lazy=\"1\">\n    <\/div>\n<!-- \/module divider -->\n<!-- module post -->\n<div  class=\"module module-post tb_vzup966\">\n    <ul class=\"post-filter tf_textc tf_opacity\" data-post_type=\"post\">\n        \t<li class=\"cat-item cat-item-19\"><a href=\"https:\/\/lifeced.usv.ro\/en\/category\/nepublicat\/\">Nepublicat<\/a>\n<\/li>\n\t<li class=\"cat-item cat-item-1\"><a href=\"https:\/\/lifeced.usv.ro\/en\/category\/anunturi\/\">Anunturi<\/a>\n<\/li>\n            <\/ul>\n        <div  class=\"builder-posts-wrap loops-wrapper list-thumb-image masonry tf_rel tf_clear tf_clearfix\" data-lazy=\"1\">\n    <article id=\"post-309\" class=\"post tf_clearfix post-309 type-post status-publish format-standard hentry category-anunturi has-post-title has-post-date no-post-category no-post-tag no-post-comment has-post-author   cat-1\">\n\t    \n\t\t<div class=\"post-content\">\n\t\t<div class=\"post-content-inner\">\n\n\t\t\t\t\t\t\t\t<div class=\"post-date-wrap post-date-inline\">\n\t\t<time class=\"post-date entry-date updated\" datetime=\"2025-09-18\">\n\t\t\t\t\t<span class=\"year\">September 18, 2025<\/span>\n\t\t\t\t<\/time>\n\t<\/div><!-- .post-date-wrap -->\n\t\t\t\t\n\t\t\t<h3 class=\"post-title entry-title\"><a href=\"https:\/\/lifeced.usv.ro\/en\/2025\/09\/18\/educatie-continua-si-culturala-incluziva-in-regiunea-transfrontaliera-romania-ucraina\/\">Lifelong and Cultural Inclusive Education on the Romanian-Ukrainian Border LIFECED<\/a><\/h3>\n\t\t\t\t\t\t\t<p class=\"post-meta entry-meta\">\n\t\t\t\t\t\t\t\t\t\t\t<span class=\"post-author\"><span class=\"author vcard\"><a class=\"url fn n\" href=\"https:\/\/lifeced.usv.ro\/en\/author\/adrian\/\" rel=\"author\">adrian<\/a><\/span><\/span>\n\t\t\t\t\t\n\t\t\t\t\t\n\t\t\t\t\t\n\t\t\t\t\t\t\t\t\t<\/p>\n\t\t\t\t<!-- \/post-meta -->\n\t\t\t\n\t\t\t\n\t\t\t        <div class=\"entry-content\">\n\n        \n            \n                \n            \n        <\/div><!-- \/.entry-content -->\n        \n\t\t<\/div>\n\t\t<!-- \/.post-content-inner -->\n\t<\/div>\n\t<!-- \/.post-content -->\n\t\n<\/article>\n<!-- \/.post -->\n    <\/div><!-- .builder-posts-wrap -->\n            <\/div>\n<!-- \/module post -->\n    <!-- module divider -->\n<div  class=\"module tf_mw module-divider tb_1z3z515 dashed\" style=\"border-width: 1px;border-color: #000;\" data-lazy=\"1\">\n    <\/div>\n<!-- \/module divider -->\n        <\/div>\n                        <\/div>\n        <\/div>\n        <\/div>\n<!--\/themify_builder_content-->","protected":false},"excerpt":{"rendered":"<p>Lifelong and Cultural Inclusive Education on the Romanian-Ukrainian Border LIFECED<\/p>","protected":false},"author":1,"featured_media":0,"parent":0,"menu_order":0,"comment_status":"closed","ping_status":"closed","template":"","meta":{"footnotes":""},"class_list":["post-46","page","type-page","status-publish","hentry","has-post-title","has-post-date","has-post-category","has-post-tag","has-post-comment","has-post-author",""],"builder_content":"<h2>Educa\u021bie continu\u0103 \u0219i cultural\u0103 incluziv\u0103 \u00een regiunea transfrontalier\u0103 Rom\u00e2nia-Ucraina LIFECED<\/h2>\n<h3><strong>Cod:\u00a0ROUA 00256<\/strong><\/h3>\n<p style=\"text-align: center;\">Apel \u00eenscrieri cursan\u021bi din Rom\u00e2nia\u00a0 \u2666 \u00a0<em><b>Dezvolt\u0103-\u021bi cariera f\u0103r\u0103 frontiere!<\/b><\/em><\/p>\n<p><b>Programe<\/b><b> de <\/b><b>formare<\/b> <b>profesional\u0103<\/b><b>:<\/b><\/p>\n<p><b>ROM\u00c2NIA (\ud83c\uddf7\ud83c\uddf4) - UCRAINA (\ud83c\uddfa\ud83c\udde6)<\/b><\/p>\n<em style=\"background-color:#ffffff;color:#002575\" ><svg xmlns:xlink=\"http:\/\/www.w3.org\/1999\/xlink\" aria-hidden=\"true\"><use href=\"#tf-fas-clipboard-list\" xlink:href=\"#tf-fas-clipboard-list\"><\/use><\/svg><\/em>\n<h4 style=\"font-weight: 400; text-align: left;\"><strong>Managementul proiectelor<\/strong><\/h4>\n<h4 style=\"font-weight: 400; text-align: left;\">24 aprilie \u2013 16 mai\u00a0 2026 | 60 ore |\u00a0 15 locuri<\/h4>\n<em style=\"background-color:#ffffff;color:#002575\" ><svg xmlns:xlink=\"http:\/\/www.w3.org\/1999\/xlink\" aria-hidden=\"true\"><use href=\"#tf-fas-book-bookmark\" xlink:href=\"#tf-fas-book-bookmark\"><\/use><\/svg><\/em>\n<h4 style=\"font-weight: 400; text-align: left;\"><strong>Limba englez\u0103 pentru managementul proiectelor<\/strong><\/h4>\n<h4 style=\"font-weight: 400; text-align: left;\">22 mai \u2013 6 iunie\u00a0 2026 | 60 ore |\u00a0 15 locuri<\/h4>\n<em style=\"background-color:#ffffff;color:#002575\" ><svg xmlns:xlink=\"http:\/\/www.w3.org\/1999\/xlink\" aria-hidden=\"true\"><use href=\"#tf-fas-user-cog\" xlink:href=\"#tf-fas-user-cog\"><\/use><\/svg><\/em>\n<h4 style=\"font-weight: 400; text-align: left;\"><strong>Tehnici de g\u00e2ndire critic\u0103 \u00een luarea deciziilor<\/strong><\/h4>\n<h4 style=\"font-weight: 400; text-align: left;\">12 iunie \u2013 27 iunie\u00a0 2026 | 60 ore |\u00a0 15 locuri<\/h4>\n<em style=\"background-color:#ffffff;color:#002575\" ><svg xmlns:xlink=\"http:\/\/www.w3.org\/1999\/xlink\" aria-hidden=\"true\"><use href=\"#tf-fas-comment\" xlink:href=\"#tf-fas-comment\"><\/use><\/svg><\/em>\n<h4 style=\"font-weight: 400; text-align: left;\"><strong>Crearea de evenimente - incubatorul de idei<\/strong><\/h4>\n<h4 style=\"font-weight: 400; text-align: left;\">10 iunie \u2013 18 iunie\u00a0 2026 | 30 ore |\u00a0 15 locuri<\/h4>\n<em style=\"background-color:#ffffff;color:#002575\" ><svg xmlns:xlink=\"http:\/\/www.w3.org\/1999\/xlink\" aria-hidden=\"true\"><use href=\"#tf-fas-computer\" xlink:href=\"#tf-fas-computer\"><\/use><\/svg><\/em>\n<h4 style=\"font-weight: 400; text-align: left;\"><strong>Competen\u021be digitale \u0219i poten\u021bialul AI<\/strong><\/h4>\n<h4 style=\"font-weight: 400; text-align: left;\">2 octombrie \u2013 17 octombrie 2026 | 60 ore |\u00a0 15 locuri<\/h4>\n<em style=\"background-color:#ffffff;color:#002575\" ><svg xmlns:xlink=\"http:\/\/www.w3.org\/1999\/xlink\" aria-hidden=\"true\"><use href=\"#tf-fas-people-group\" xlink:href=\"#tf-fas-people-group\"><\/use><\/svg><\/em>\n<h4 style=\"font-weight: 400; text-align: left;\"><strong>Antreprenoriat \u00een regiunea transfrontalier\u0103<\/strong><\/h4>\n<h4 style=\"font-weight: 400; text-align: left;\">23 octombrie \u2013 7 noiembrie 2026 | 60 ore |\u00a0 20 locuri<\/h4>\n<img src=\"https:\/\/lifeced.usv.ro\/wp-content\/uploads\/2026\/03\/pngwing.com_-1024x1024-72x72.png\" width=\"72\" height=\"72\" title=\"pngwing.com\" alt=\"pngwing.com\" srcset=\"https:\/\/lifeced.usv.ro\/wp-content\/uploads\/2026\/03\/pngwing.com_-1024x1024-72x72.png 72w, https:\/\/lifeced.usv.ro\/wp-content\/uploads\/2026\/03\/pngwing.com_-300x300.png 300w, https:\/\/lifeced.usv.ro\/wp-content\/uploads\/2026\/03\/pngwing.com_-1024x1024.png 1024w, https:\/\/lifeced.usv.ro\/wp-content\/uploads\/2026\/03\/pngwing.com_-150x150.png 150w, https:\/\/lifeced.usv.ro\/wp-content\/uploads\/2026\/03\/pngwing.com_-768x768.png 768w, https:\/\/lifeced.usv.ro\/wp-content\/uploads\/2026\/03\/pngwing.com_-1536x1536.png 1536w, https:\/\/lifeced.usv.ro\/wp-content\/uploads\/2026\/03\/pngwing.com_-2048x2048.png 2048w, https:\/\/lifeced.usv.ro\/wp-content\/uploads\/2026\/03\/pngwing.com_-12x12.png 12w\" sizes=\"(max-width: 72px) 100vw, 72px\" \/>\n<h4 style=\"font-weight: 400; text-align: left;\"><strong>FI\u0218A DE \u00ceNSCRIERE CURSURI LIFECED - ROM\u00c2NIA<\/strong><\/h4>\n<h4 style=\"font-weight: 400; text-align: left;\">Formular Google<\/h4>\n<p><strong>ANUN\u021a:<\/strong><\/p>\n<p>Din motive administrative independente de voin\u021ba organizatorilor, perioada de desf\u0103\u0219urare a cursurilor va fi reprogramat\u0103.\u00a0<\/p> <p>Calendarul actualizat cu noile intervale ale sesiunilor de formare va fi afi\u0219at \u00een scurt timp.<\/p>\n<h4 style=\"font-weight: 400;\"><em><strong>Parteneri:<\/strong><\/em><\/h4>\n<img src=\"https:\/\/lifeced.usv.ro\/wp-content\/uploads\/2026\/01\/Logo-USV-corel-transparent-115x130.png\" width=\"115\" height=\"130\" title=\"Logo USV corel transparent\" alt=\"Logo USV corel transparent\" srcset=\"https:\/\/lifeced.usv.ro\/wp-content\/uploads\/2026\/01\/Logo-USV-corel-transparent-115x130.png 115w, https:\/\/lifeced.usv.ro\/wp-content\/uploads\/2026\/01\/Logo-USV-corel-transparent-11x12.png 11w\" sizes=\"(max-width: 115px) 100vw, 115px\" \/>\n<h4 style=\"font-weight: 400; text-align: left;\"><strong>Universitatea \u201e\u0218tefan cel Mare\u201d din Suceava<\/strong><\/h4>\n<img src=\"https:\/\/lifeced.usv.ro\/wp-content\/uploads\/2025\/09\/UNIVERUVI-logo-ucraina-818x1024-95x119.png\" width=\"95\" height=\"119\" title=\"UNIVERUVI logo ucraina\" alt=\"UNIVERUVI logo ucraina\" srcset=\"https:\/\/lifeced.usv.ro\/wp-content\/uploads\/2025\/09\/UNIVERUVI-logo-ucraina-818x1024-95x119.png 95w, https:\/\/lifeced.usv.ro\/wp-content\/uploads\/2025\/09\/UNIVERUVI-logo-ucraina-240x300.png 240w, https:\/\/lifeced.usv.ro\/wp-content\/uploads\/2025\/09\/UNIVERUVI-logo-ucraina-818x1024.png 818w, https:\/\/lifeced.usv.ro\/wp-content\/uploads\/2025\/09\/UNIVERUVI-logo-ucraina-768x961.png 768w, https:\/\/lifeced.usv.ro\/wp-content\/uploads\/2025\/09\/UNIVERUVI-logo-ucraina-10x12.png 10w, https:\/\/lifeced.usv.ro\/wp-content\/uploads\/2025\/09\/UNIVERUVI-logo-ucraina.png 1046w\" sizes=\"(max-width: 95px) 100vw, 95px\" \/>\n<h4 style=\"font-weight: 400; text-align: left;\"><strong>Universitatea Na\u021bional\u0103 de Petrol \u0219i Gaze din Ivano-Frankivsk<\/strong><\/h4>\n\n","_links":{"self":[{"href":"https:\/\/lifeced.usv.ro\/en\/wp-json\/wp\/v2\/pages\/46","targetHints":{"allow":["GET"]}}],"collection":[{"href":"https:\/\/lifeced.usv.ro\/en\/wp-json\/wp\/v2\/pages"}],"about":[{"href":"https:\/\/lifeced.usv.ro\/en\/wp-json\/wp\/v2\/types\/page"}],"author":[{"embeddable":true,"href":"https:\/\/lifeced.usv.ro\/en\/wp-json\/wp\/v2\/users\/1"}],"replies":[{"embeddable":true,"href":"https:\/\/lifeced.usv.ro\/en\/wp-json\/wp\/v2\/comments?post=46"}],"version-history":[{"count":94,"href":"https:\/\/lifeced.usv.ro\/en\/wp-json\/wp\/v2\/pages\/46\/revisions"}],"predecessor-version":[{"id":846,"href":"https:\/\/lifeced.usv.ro\/en\/wp-json\/wp\/v2\/pages\/46\/revisions\/846"}],"wp:attachment":[{"href":"https:\/\/lifeced.usv.ro\/en\/wp-json\/wp\/v2\/media?parent=46"}],"curies":[{"name":"wp","href":"https:\/\/api.w.org\/{rel}","templated":true}]}}